{"id":320,"date":"2024-08-25T17:34:54","date_gmt":"2024-08-25T21:34:54","guid":{"rendered":"https:\/\/trasatlantica.org\/?page_id=320"},"modified":"2024-11-13T09:49:16","modified_gmt":"2024-11-13T14:49:16","slug":"lara-lopez-de-jesus","status":"publish","type":"page","link":"https:\/\/trasatlantica.org\/?page_id=320","title":{"rendered":"Lara L\u00f3pez de Jes\u00fas"},"content":{"rendered":"\n<div class=\"wp-block-group alignwide\"><div class=\"wp-block-group__inner-container is-layout-constrained wp-block-group-is-layout-constrained\">\n<div class=\"wp-block-group alignwide\"><div class=\"wp-block-group__inner-container is-layout-constrained wp-block-group-is-layout-constrained\">\n<div class=\"wp-block-group alignwide has-text-color has-background has-link-color wp-elements-0b448ea7260cb5bc8a6758ee108c5e9f\" style=\"color:#faf5f5;background-color:#5cb2e4\"><div class=\"wp-block-group__inner-container is-layout-constrained wp-block-group-is-layout-constrained\">\n<figure class=\"wp-block-image alignwide size-full has-lightbox mt-0\"><a href=\"https:\/\/i0.wp.com\/trasatlantica.org\/wp-content\/uploads\/2024\/09\/Coloquio-del-lago-3.png?ssl=1\"><img data-recalc-dims=\"1\" decoding=\"async\" width=\"984\" height=\"1122\" data-attachment-id=\"1417\" data-permalink=\"https:\/\/trasatlantica.org\/?attachment_id=1417\" data-orig-file=\"https:\/\/i0.wp.com\/trasatlantica.org\/wp-content\/uploads\/2024\/09\/Coloquio-del-lago-3.png?fit=984%2C1122&amp;ssl=1\" data-orig-size=\"984,1122\" data-comments-opened=\"1\" data-image-meta=\"{&quot;aperture&quot;:&quot;0&quot;,&quot;credit&quot;:&quot;&quot;,&quot;camera&quot;:&quot;&quot;,&quot;caption&quot;:&quot;&quot;,&quot;created_timestamp&quot;:&quot;0&quot;,&quot;copyright&quot;:&quot;&quot;,&quot;focal_length&quot;:&quot;0&quot;,&quot;iso&quot;:&quot;0&quot;,&quot;shutter_speed&quot;:&quot;0&quot;,&quot;title&quot;:&quot;&quot;,&quot;orientation&quot;:&quot;0&quot;}\" data-image-title=\"Coloquio del lago 3\" data-image-description=\"\" data-image-caption=\"\" data-large-file=\"https:\/\/i0.wp.com\/trasatlantica.org\/wp-content\/uploads\/2024\/09\/Coloquio-del-lago-3.png?fit=580%2C661&amp;ssl=1\" src=\"https:\/\/i0.wp.com\/trasatlantica.org\/wp-content\/uploads\/2024\/09\/Coloquio-del-lago-3.png?resize=984%2C1122&#038;ssl=1\" alt=\"\" class=\"wp-image-1417\" srcset=\"https:\/\/i0.wp.com\/trasatlantica.org\/wp-content\/uploads\/2024\/09\/Coloquio-del-lago-3.png?w=984&amp;ssl=1 984w, https:\/\/i0.wp.com\/trasatlantica.org\/wp-content\/uploads\/2024\/09\/Coloquio-del-lago-3.png?resize=263%2C300&amp;ssl=1 263w, https:\/\/i0.wp.com\/trasatlantica.org\/wp-content\/uploads\/2024\/09\/Coloquio-del-lago-3.png?resize=898%2C1024&amp;ssl=1 898w, https:\/\/i0.wp.com\/trasatlantica.org\/wp-content\/uploads\/2024\/09\/Coloquio-del-lago-3.png?resize=768%2C876&amp;ssl=1 768w\" sizes=\"(max-width: 984px) 100vw, 984px\" \/><\/a><\/figure>\n\n\n\n<p class=\"has-text-align-center has-primary-color has-text-color has-link-color has-larger-font-size wp-elements-38c8599cd885660dd64ecc7fff020b81 wp-block-paragraph\"><strong>Coloquio de lago&nbsp;<\/strong><\/p>\n\n\n\n<p class=\"has-primary-color has-text-color has-link-color has-small-font-size wp-elements-58cbe78f8686a57456d61e228e246b57 wp-block-paragraph\">a veces miro el lago<br>y me pregunto<br>por qu\u00e9<br>tan tranquilo<br>fl\u00e1cido<br>manso<\/p>\n\n\n\n<p class=\"has-primary-color has-text-color has-link-color has-small-font-size wp-elements-6ab37d654d4a36799d9ed6206c13176a wp-block-paragraph\">y me canso de este lugar<br>tan sin sal<\/p>\n\n\n\n<p class=\"has-primary-color has-text-color has-link-color has-small-font-size wp-elements-a26b14be2dd98ac12d035a1293b875e3 wp-block-paragraph\">otras veces acecho el lago<br>y le cuestiono<br>todo lo que este pueblo no es<\/p>\n\n\n\n<p class=\"has-primary-color has-text-color has-link-color has-small-font-size wp-elements-dec86eea2328d84267a8e6ae2f3e71dd wp-block-paragraph\">le reclamo<br>que estoy hecha de mar<\/p>\n\n\n\n<p class=\"has-primary-color has-text-color has-link-color has-small-font-size wp-elements-6b72b84acf7fb664765a822f6be7c3eb wp-block-paragraph\">le declaro<br>que crec\u00ed a fuerza de marejada<\/p>\n\n\n\n<p class=\"has-primary-color has-text-color has-link-color has-small-font-size wp-elements-2da3c8cd292721adcd32025ebf27bf17 wp-block-paragraph\">le grito<br>que nac\u00ed de la profundidad<\/p>\n\n\n\n<p class=\"has-primary-color has-text-color has-link-color has-small-font-size wp-elements-0bdc0f5ac9d611fc1c79243380c3a537 wp-block-paragraph\">que soy ola<br>le confieso<\/p>\n\n\n\n<p class=\"has-primary-color has-text-color has-link-color has-small-font-size wp-elements-7df8d8e3c8bdb095f39ebdf3f44b9f95 wp-block-paragraph\">que soy ola<br>le repito<\/p>\n\n\n\n<p class=\"has-primary-color has-text-color has-link-color has-small-font-size wp-elements-d5cac954d9367f1d6da78e334b35a713 wp-block-paragraph\">y coqueteo<\/p>\n\n\n\n<p class=\"has-primary-color has-text-color has-link-color has-small-font-size wp-elements-683153c9fb01969b6fe5e3ac5a211421 wp-block-paragraph\">inter<br>mi<br>tente<br>mente<\/p>\n\n\n\n<p class=\"has-primary-color has-text-color has-link-color has-small-font-size wp-elements-87296d399eb136f3c11c40af9c88d390 wp-block-paragraph\">con el lago<\/p>\n\n\n\n<p class=\"has-primary-color has-text-color has-link-color has-small-font-size wp-elements-c8c4d762ab8dc07138c5803c9c425eb9 wp-block-paragraph\">s\u00e1bana pixelada<br>telegrama en bits<br>brillo citadino<br>espejo bromista<\/p>\n\n\n\n<p class=\"has-primary-color has-text-color has-link-color has-small-font-size wp-elements-2b4dde35d61e61ac82b33c2b04468dee wp-block-paragraph\">y admito<br>que me excita<\/p>\n\n\n\n<p class=\"has-primary-color has-text-color has-link-color has-small-font-size wp-elements-683153c9fb01969b6fe5e3ac5a211421 wp-block-paragraph\">inter<br>mi<br>tente<br>mente<\/p>\n\n\n\n<p class=\"has-primary-color has-text-color has-link-color has-small-font-size wp-elements-f200881904a96ce19528cddf626d181a wp-block-paragraph\">cuando me despierta<br>\u00e1speramente<br>con sus fr\u00edas<br>r\u00e1fagas ins\u00edpidas<\/p>\n\n\n\n<p class=\"has-primary-color has-text-color has-link-color has-small-font-size wp-elements-7006ceb74c815a1d43ae1d6ad1cbdf6e wp-block-paragraph\">y acepto<br>que me estimula<\/p>\n\n\n\n<p class=\"has-primary-color has-text-color has-link-color has-small-font-size wp-elements-683153c9fb01969b6fe5e3ac5a211421 wp-block-paragraph\">inter<br>mi<br>tente<br>mente<\/p>\n\n\n\n<p class=\"has-primary-color has-text-color has-link-color has-small-font-size wp-elements-3798272e7cb66018302b92cd1028078f wp-block-paragraph\">cuando sus peque\u00f1as olas<br>brincan<br>como queri\u00e9ndome<br>pellizcar<\/p>\n\n\n\n<p class=\"has-primary-color has-text-color has-link-color has-small-font-size wp-elements-84a01f419fa79f392c8bb193c2608ee3 wp-block-paragraph\">mi lago<br>le susurro<\/p>\n\n\n\n<p class=\"has-primary-color has-text-color has-link-color has-small-font-size wp-elements-b7bad1f7415a6b32a55b0fc76781fc07 wp-block-paragraph\">mi lago<br>sin duda<\/p>\n\n\n\n<p class=\"has-primary-color has-text-color has-link-color has-small-font-size wp-elements-4ab956cd3cacde309b8b71002d60cafa wp-block-paragraph\">mi lago<br>a veces<\/p>\n\n\n\n<p class=\"has-primary-color has-text-color has-link-color has-small-font-size wp-elements-9fd6e8c087aa3de925aadef0c507d4cb wp-block-paragraph\">mi lago<br>qu\u00e9 rico<\/p>\n\n\n\n<p class=\"has-primary-color has-text-color has-link-color has-small-font-size wp-elements-c9a8c418b1aeb83fec35b17a87fc81a4 wp-block-paragraph\">mi lago<br>entonces<br>se hace mar.<\/p>\n<\/div><\/div>\n<\/div><\/div>\n<\/div><\/div>\n\n\n\n<div class=\"wp-block-cover alignwide\"><span aria-hidden=\"true\" class=\"wp-block-cover__background has-background-dim\"><\/span><img data-recalc-dims=\"1\" decoding=\"async\" width=\"1024\" height=\"768\" data-attachment-id=\"1201\" data-permalink=\"https:\/\/trasatlantica.org\/?attachment_id=1201\" data-orig-file=\"https:\/\/i0.wp.com\/trasatlantica.org\/wp-content\/uploads\/2024\/09\/puerto-rico-suitcase-and-coffee-1.png?fit=1024%2C768&amp;ssl=1\" data-orig-size=\"1024,768\" data-comments-opened=\"1\" data-image-meta=\"{&quot;aperture&quot;:&quot;0&quot;,&quot;credit&quot;:&quot;&quot;,&quot;camera&quot;:&quot;&quot;,&quot;caption&quot;:&quot;&quot;,&quot;created_timestamp&quot;:&quot;0&quot;,&quot;copyright&quot;:&quot;&quot;,&quot;focal_length&quot;:&quot;0&quot;,&quot;iso&quot;:&quot;0&quot;,&quot;shutter_speed&quot;:&quot;0&quot;,&quot;title&quot;:&quot;&quot;,&quot;orientation&quot;:&quot;0&quot;}\" data-image-title=\"puerto-rico-suitcase-and-coffee\" data-image-description=\"\" data-image-caption=\"\" data-large-file=\"https:\/\/i0.wp.com\/trasatlantica.org\/wp-content\/uploads\/2024\/09\/puerto-rico-suitcase-and-coffee-1.png?fit=580%2C435&amp;ssl=1\" class=\"wp-block-cover__image-background wp-image-1201\" alt=\"\" src=\"https:\/\/i0.wp.com\/trasatlantica.org\/wp-content\/uploads\/2024\/09\/puerto-rico-suitcase-and-coffee-1.png?resize=1024%2C768&#038;ssl=1\" style=\"object-position:42% 81%\" data-object-fit=\"cover\" data-object-position=\"42% 81%\" srcset=\"https:\/\/i0.wp.com\/trasatlantica.org\/wp-content\/uploads\/2024\/09\/puerto-rico-suitcase-and-coffee-1.png?w=1024&amp;ssl=1 1024w, https:\/\/i0.wp.com\/trasatlantica.org\/wp-content\/uploads\/2024\/09\/puerto-rico-suitcase-and-coffee-1.png?resize=300%2C225&amp;ssl=1 300w, https:\/\/i0.wp.com\/trasatlantica.org\/wp-content\/uploads\/2024\/09\/puerto-rico-suitcase-and-coffee-1.png?resize=768%2C576&amp;ssl=1 768w, https:\/\/i0.wp.com\/trasatlantica.org\/wp-content\/uploads\/2024\/09\/puerto-rico-suitcase-and-coffee-1.png?resize=800%2C600&amp;ssl=1 800w, https:\/\/i0.wp.com\/trasatlantica.org\/wp-content\/uploads\/2024\/09\/puerto-rico-suitcase-and-coffee-1.png?resize=600%2C450&amp;ssl=1 600w, https:\/\/i0.wp.com\/trasatlantica.org\/wp-content\/uploads\/2024\/09\/puerto-rico-suitcase-and-coffee-1.png?resize=400%2C300&amp;ssl=1 400w, https:\/\/i0.wp.com\/trasatlantica.org\/wp-content\/uploads\/2024\/09\/puerto-rico-suitcase-and-coffee-1.png?resize=200%2C150&amp;ssl=1 200w\" sizes=\"(max-width: 1024px) 100vw, 1024px\" \/><div class=\"wp-block-cover__inner-container is-layout-flow wp-block-cover-is-layout-flow\">\n<p class=\"has-text-align-center has-larger-font-size wp-block-paragraph\"><strong><strong>Ap\u00e1trida<\/strong><\/strong><\/p>\n\n\n\n<p class=\"has-small-font-size wp-block-paragraph\"><br>Es una sensaci\u00f3n mi pa\u00eds<br><br>cosquilla de mangle y enredadera,<br><br>pura ficci\u00f3n de parcha<br><br>y flan de berenjena.<br><br><br><br>El gobierno:&nbsp;<br><br>mala mierda&nbsp;<br><br>yerba enferma.<br><br><br><br>Nuestra gente:&nbsp;<br><br>linda, linda<br><br>sonr\u00ede, se mueve, suena y llega.<\/p>\n\n\n\n<p class=\"has-small-font-size wp-block-paragraph\">En la distancia<\/p>\n\n\n\n<p class=\"has-small-font-size wp-block-paragraph\">soy fragmento de archipi\u00e9lago&nbsp;<\/p>\n\n\n\n<p class=\"has-small-font-size wp-block-paragraph\">que toca desde adentro<\/p>\n\n\n\n<p class=\"has-small-font-size wp-block-paragraph\">la gran puerta.<br><br><br><br>Puerto Rico es maleta.<br><br><br><br>Siempre que la abro<\/p>\n\n\n\n<p class=\"has-small-font-size wp-block-paragraph\">sudo caf\u00e9<\/p>\n\n\n\n<p class=\"has-small-font-size wp-block-paragraph\">huelo oc\u00e9ano&nbsp;<\/p>\n\n\n\n<p class=\"has-small-font-size wp-block-paragraph\">siento arena.<br><br><br><br>Con nostalgia<\/p>\n\n\n\n<p class=\"has-text-color has-link-color has-small-font-size wp-elements-e9f234af57408a7e2665a207c74b2669 wp-block-paragraph\" style=\"color:#f8f8f8\">me lanzo en ella<\/p>\n\n\n\n<p class=\"has-text-color has-link-color has-small-font-size wp-elements-e2be708c7cd7e3454709a19b5fa2f198 wp-block-paragraph\" style=\"color:#f8f8f8\">para ahogarme<\/p>\n\n\n\n<p class=\"has-text-color has-link-color has-small-font-size wp-elements-6bc20146b194f9cebd521f5943cc7bbf wp-block-paragraph\" style=\"color:#f8f8f8\">entre letras<\/p>\n\n\n\n<p class=\"has-text-color has-link-color has-small-font-size wp-elements-1c706c5716d7ad6fcef0215129f35a1f wp-block-paragraph\" style=\"color:#f8f8f8\">y desaparecer<\/p>\n\n\n\n<p class=\"has-text-color has-link-color has-small-font-size wp-elements-776ccef7b643c2267fc79663e6c7a8e7 wp-block-paragraph\" style=\"color:#f8f8f8\">ap\u00e1trida<\/p>\n\n\n\n<p class=\"has-text-color has-link-color has-small-font-size wp-elements-3382a07c620696964199a684bc7904d9 wp-block-paragraph\" style=\"color:#f8f8f8\">con la marea. <\/p>\n<\/div><\/div>\n\n\n\n<div style=\"height:100px\" aria-hidden=\"true\" class=\"wp-block-spacer\"><\/div>\n\n\n\n<div class=\"wp-block-group alignfull\"><div class=\"wp-block-group__inner-container is-layout-constrained wp-block-group-is-layout-constrained\">\n<div class=\"wp-block-group\"><div class=\"wp-block-group__inner-container is-layout-constrained wp-block-group-is-layout-constrained\">\n<div class=\"wp-block-group\"><div class=\"wp-block-group__inner-container is-layout-constrained wp-block-group-is-layout-constrained\">\n<div class=\"wp-block-group alignwide has-primary-color has-background-background-color has-text-color has-background has-link-color wp-elements-45da4bf380ef01a219a80363db59d0b3\"><div class=\"wp-block-group__inner-container is-layout-constrained wp-block-group-is-layout-constrained\">\n<p class=\"has-primary-color has-text-color has-background has-link-color has-large-font-size wp-elements-4baa8fa5fccf64647d41ea49bc9b8601 wp-block-paragraph\" style=\"background-color:#fafafa\"><strong>Lara I. L\u00f3pez de Jes\u00fas<\/strong><\/p>\n\n\n\n<p class=\"has-primary-color has-text-color has-background has-link-color has-small-font-size wp-elements-f1ecf3e763fd7458358ccf6753891249 wp-block-paragraph\" style=\"background-color:#fafafa\">Author of the poetry book <em>Nudo y horizonte<\/em> (Editorial Pulpo, 2023), the short story book <em>El camino de las diez lunas<\/em> (Editorial Ra\u00edces, 2021), and of an academic book titled <em>Encuentros sincopados. El Caribe contempor\u00e1neo a trav\u00e9s de sus pr\u00e1cticas musicales<\/em> (which won first place in the Caribbean Thought Awards and was published by Siglo XXI Editores, Mexico). Lara has published poems, short stories, and microfiction in different formats and journals. She has also written narrative and poetry for Puerto Rican school textbooks. In 2018, she won second place in the <em>Segundo Certamen Nacional de Microcuentos Jos\u00e9 Luis Gonz\u00e1lez<\/em>. In 2022, she won the first-place award for the \u201cNarrative\u201d category, a contest organized and published by the Hispanic Culture Review (George Mason University). In 2023, she won the first place in the <em>Certamen Cris\u00e1lidas<\/em> (Editorial Ra\u00edces). Lara holds a B.A. in Science from the University of Puerto Rico (Rio Piedras Campus), an M.A. in Latin American Studies from UNAM (Mexico), and a Ph.D. in Hispanic Studies from the University of Puerto Rico.<br><\/p>\n<\/div><\/div>\n<\/div><\/div>\n<\/div><\/div>\n<\/div><\/div>\n\n\n\n<div class=\"wp-block-columns alignwide are-vertically-aligned-top is-not-stacked-on-mobile is-layout-flex wp-container-core-columns-is-layout-8f761849 wp-block-columns-is-layout-flex\">\n<div class=\"wp-block-column is-layout-flow wp-block-column-is-layout-flow\"><\/div>\n\n\n\n<div class=\"wp-block-column is-layout-flow wp-block-column-is-layout-flow\"><\/div>\n<\/div>\n\n\n\n<p class=\"wp-block-paragraph\"><\/p>\n\n\n\n<p class=\"wp-block-paragraph\"><\/p>\n<!-- PMB print buttons is only displayed on a single post\/page URLs-->","protected":false},"excerpt":{"rendered":"<p>Coloquio de lago&nbsp; a veces miro el lagoy me preguntopor qu\u00e9tan tranquilofl\u00e1cidomanso y me canso de este lugartan sin sal otras veces acecho el lagoy le cuestionotodo lo que este pueblo no es le reclamoque estoy hecha de mar le declaroque crec\u00ed a fuerza de marejada le gritoque nac\u00ed de la profundidad que soy olale [&hellip;]<\/p>\n","protected":false},"author":196861203,"featured_media":0,"parent":523,"menu_order":0,"comment_status":"closed","ping_status":"closed","template":"","meta":{"_coblocks_attr":"","_coblocks_dimensions":"","_coblocks_responsive_height":"","_coblocks_accordion_ie_support":"","_crdt_document":"","advanced_seo_description":"","jetpack_seo_html_title":"","jetpack_seo_noindex":false,"footnotes":""},"class_list":["post-320","page","type-page","status-publish","hentry"],"jetpack_likes_enabled":false,"jetpack_sharing_enabled":true,"jetpack_shortlink":"https:\/\/wp.me\/P2V8if-5a","jetpack-related-posts":[{"id":523,"url":"https:\/\/trasatlantica.org\/?page_id=523","url_meta":{"origin":320,"position":0},"title":"POETRY","author":"diceyk","date":"August 23, 2024","format":false,"excerpt":"Angela AcostaDaniel Ch\u00e1vez LanderosB\u00e1rbara Escobar AnleuIrina GarbatzkyPablo G. LLeonartLara L\u00f3pez de Jes\u00fasDiego MoraEduardo Rodr\u00edguez Mart\u00ednezJos\u00e9 Ram\u00f3n Ruis\u00e1nchezGustavo Ruiz PascacioRicardo Tejera Partido","rel":"","context":"Similar post","block_context":{"text":"Similar post","link":""},"img":{"alt_text":"","src":"https:\/\/i0.wp.com\/trasatlantica.org\/wp-content\/uploads\/2024\/09\/el-sendero-1200182.jpg?resize=350%2C200&ssl=1","width":350,"height":200,"srcset":"https:\/\/i0.wp.com\/trasatlantica.org\/wp-content\/uploads\/2024\/09\/el-sendero-1200182.jpg?resize=350%2C200&ssl=1 1x, https:\/\/i0.wp.com\/trasatlantica.org\/wp-content\/uploads\/2024\/09\/el-sendero-1200182.jpg?resize=525%2C300&ssl=1 1.5x, https:\/\/i0.wp.com\/trasatlantica.org\/wp-content\/uploads\/2024\/09\/el-sendero-1200182.jpg?resize=700%2C400&ssl=1 2x, https:\/\/i0.wp.com\/trasatlantica.org\/wp-content\/uploads\/2024\/09\/el-sendero-1200182.jpg?resize=1050%2C600&ssl=1 3x, https:\/\/i0.wp.com\/trasatlantica.org\/wp-content\/uploads\/2024\/09\/el-sendero-1200182.jpg?resize=1400%2C800&ssl=1 4x"},"classes":[]},{"id":5763,"url":"https:\/\/trasatlantica.org\/?page_id=5763","url_meta":{"origin":320,"position":1},"title":"Poetry\/Poes\u00eda","author":"Soviet Cuba: Identities in Transition","date":"January 8, 2026","format":false,"excerpt":"Newest additions\/\u00daltimas adiciones Aleyda Quevedo Rojas Alfredo Alonso Estenoz Alicia Llarena Gonz\u00e1lez Ana Merino Antonio Colinas Bruno R\u00edos Coral Bracho Francisco Layna Ranz Hern\u00e1n Bravo Varela Jorge Saucedo Julio Marinas Odette Alonso Olga Mu\u00f1oz Carrasco Tambi\u00e9n\/Also Angela AcostaAtilio CaballeroB\u00e1rbara Escobar AnleuBenito PascualDaniel S\u00e1nchez LanderosDairen ZamoraDiego MoraEduardo Rodr\u00edguez Mart\u00ednezGustavo Ruiz PascacioIrina\u2026","rel":"","context":"Similar post","block_context":{"text":"Similar post","link":""},"img":{"alt_text":"","src":"https:\/\/i0.wp.com\/trasatlantica.org\/wp-content\/uploads\/2024\/09\/barbwire.jpg?resize=350%2C200&ssl=1","width":350,"height":200,"srcset":"https:\/\/i0.wp.com\/trasatlantica.org\/wp-content\/uploads\/2024\/09\/barbwire.jpg?resize=350%2C200&ssl=1 1x, https:\/\/i0.wp.com\/trasatlantica.org\/wp-content\/uploads\/2024\/09\/barbwire.jpg?resize=525%2C300&ssl=1 1.5x, https:\/\/i0.wp.com\/trasatlantica.org\/wp-content\/uploads\/2024\/09\/barbwire.jpg?resize=700%2C400&ssl=1 2x, https:\/\/i0.wp.com\/trasatlantica.org\/wp-content\/uploads\/2024\/09\/barbwire.jpg?resize=1050%2C600&ssl=1 3x, https:\/\/i0.wp.com\/trasatlantica.org\/wp-content\/uploads\/2024\/09\/barbwire.jpg?resize=1400%2C800&ssl=1 4x"},"classes":[]},{"id":5206,"url":"https:\/\/trasatlantica.org\/?page_id=5206","url_meta":{"origin":320,"position":2},"title":"LAS DOS ORILLAS: CANCIONES DE EXPERIENCIA (IM)PROPIA","author":"Soviet Cuba: Identities in Transition","date":"July 6, 2025","format":false,"excerpt":"Por: Jos\u00e9 Ram\u00f3n Ruis\u00e1nchez Serra El polo opuesto a la inocencia es, como nos ense\u00f1\u00f3 Blake, la experiencia.\u00a0\u00a0En este ensayo quiero pensar\u00a0ciertas\u00a0canciones de experiencia. Las que llamar\u00e9 canciones de experiencia impropia. Empiezo a explicar a partir del poemario de Damaris Pu\u00f1ales Alp\u00edzar,\u00a0No vine a hacerme la inocente\u00a0(2023).\u00a0Ya el t\u00edtulo me\u2026","rel":"","context":"Similar post","block_context":{"text":"Similar post","link":""},"img":{"alt_text":"","src":"https:\/\/i0.wp.com\/trasatlantica.org\/wp-content\/uploads\/2025\/07\/Cubierta-de-Damaris-Punales-2-1.png?resize=350%2C200&ssl=1","width":350,"height":200,"srcset":"https:\/\/i0.wp.com\/trasatlantica.org\/wp-content\/uploads\/2025\/07\/Cubierta-de-Damaris-Punales-2-1.png?resize=350%2C200&ssl=1 1x, https:\/\/i0.wp.com\/trasatlantica.org\/wp-content\/uploads\/2025\/07\/Cubierta-de-Damaris-Punales-2-1.png?resize=525%2C300&ssl=1 1.5x, https:\/\/i0.wp.com\/trasatlantica.org\/wp-content\/uploads\/2025\/07\/Cubierta-de-Damaris-Punales-2-1.png?resize=700%2C400&ssl=1 2x"},"classes":[]},{"id":5242,"url":"https:\/\/trasatlantica.org\/?page_id=5242","url_meta":{"origin":320,"position":3},"title":"THE TWO SHORES: SONGS OF IMPROPER EXPERIENCE","author":"Soviet Cuba: Identities in Transition","date":"July 6, 2025","format":false,"excerpt":"By: Jos\u00e9 Ram\u00f3n Ruis\u00e1nchez Serra In the opposite pole to innocence is, as Blake taught us, experience.\u00a0\u00a0In this essay I want to think about certain songs of experience. I will call them songs of improper experience. I begin to explain from the collection of poems by Damaris Pu\u00f1ales Alp\u00edzar,\u00a0No vine\u2026","rel":"","context":"Similar post","block_context":{"text":"Similar post","link":""},"img":{"alt_text":"","src":"https:\/\/i0.wp.com\/trasatlantica.org\/wp-content\/uploads\/2025\/07\/Cubierta-de-Damaris-Punales-2-1.png?resize=350%2C200&ssl=1","width":350,"height":200,"srcset":"https:\/\/i0.wp.com\/trasatlantica.org\/wp-content\/uploads\/2025\/07\/Cubierta-de-Damaris-Punales-2-1.png?resize=350%2C200&ssl=1 1x, https:\/\/i0.wp.com\/trasatlantica.org\/wp-content\/uploads\/2025\/07\/Cubierta-de-Damaris-Punales-2-1.png?resize=525%2C300&ssl=1 1.5x, https:\/\/i0.wp.com\/trasatlantica.org\/wp-content\/uploads\/2025\/07\/Cubierta-de-Damaris-Punales-2-1.png?resize=700%2C400&ssl=1 2x"},"classes":[]},{"id":777,"url":"https:\/\/trasatlantica.org\/?page_id=777","url_meta":{"origin":320,"position":4},"title":"Yordan Arroyo Carvajal","author":"Soviet Cuba: Identities in Transition","date":"September 14, 2024","format":false,"excerpt":"LOS MITOS GRIEGOS COMO ENFRENTAMIENTO INTERIOR:\u00a0Nancy Banard y su Medea yoruba Yord\u00e1n Arroyo Carvajal1 Universidad de Salamancahttps:\/\/orcid.org\/0000-0002-2509-4918 ResumenEste art\u00edculo desarrolla un an\u00e1lisis, desde la perspectiva de un lector en clave activa, acerca de la figura mitol\u00f3gica de Medea en el mon\u00f3logo dram\u00e1tico \u201cMedea: lev\u00e1ntate y anda\u201d (2022) de la escritora\u2026","rel":"","context":"Similar post","block_context":{"text":"Similar post","link":""},"img":{"alt_text":"","src":"https:\/\/i0.wp.com\/trasatlantica.org\/wp-content\/uploads\/2024\/09\/cuban-santeria-8.jpg?resize=350%2C200&ssl=1","width":350,"height":200,"srcset":"https:\/\/i0.wp.com\/trasatlantica.org\/wp-content\/uploads\/2024\/09\/cuban-santeria-8.jpg?resize=350%2C200&ssl=1 1x, https:\/\/i0.wp.com\/trasatlantica.org\/wp-content\/uploads\/2024\/09\/cuban-santeria-8.jpg?resize=525%2C300&ssl=1 1.5x"},"classes":[]},{"id":1023,"url":"https:\/\/trasatlantica.org\/?page_id=1023","url_meta":{"origin":320,"position":5},"title":"Yordan Arroyo Carvajal","author":"Soviet Cuba: Identities in Transition","date":"September 29, 2024","format":false,"excerpt":"..LOS MITOS GRIEGOS COMO ENFRENTAMIENTO INTERIOR:\u00a0 NANCY BANARD Y SU MEDEA YORUBA Yordan Arroyo Carvajal https:\/\/orcid.org\/0000-0002-2509-4918 RESUMEN\u00a0 Este art\u00edculo desarrolla un an\u00e1lisis, desde la perspectiva de un lector en clave activa, acerca de la figura mitol\u00f3gica de Medea en el mon\u00f3logo dram\u00e1tico \u201cMedea: lev\u00e1ntate y anda\u201d (2022) de la escritora\u2026","rel":"","context":"Similar post","block_context":{"text":"Similar post","link":""},"img":{"alt_text":"","src":"","width":0,"height":0},"classes":[]}],"_links":{"self":[{"href":"https:\/\/trasatlantica.org\/index.php?rest_route=\/wp\/v2\/pages\/320","targetHints":{"allow":["GET"]}}],"collection":[{"href":"https:\/\/trasatlantica.org\/index.php?rest_route=\/wp\/v2\/pages"}],"about":[{"href":"https:\/\/trasatlantica.org\/index.php?rest_route=\/wp\/v2\/types\/page"}],"author":[{"embeddable":true,"href":"https:\/\/trasatlantica.org\/index.php?rest_route=\/wp\/v2\/users\/196861203"}],"replies":[{"embeddable":true,"href":"https:\/\/trasatlantica.org\/index.php?rest_route=%2Fwp%2Fv2%2Fcomments&post=320"}],"version-history":[{"count":72,"href":"https:\/\/trasatlantica.org\/index.php?rest_route=\/wp\/v2\/pages\/320\/revisions"}],"predecessor-version":[{"id":2852,"href":"https:\/\/trasatlantica.org\/index.php?rest_route=\/wp\/v2\/pages\/320\/revisions\/2852"}],"up":[{"embeddable":true,"href":"https:\/\/trasatlantica.org\/index.php?rest_route=\/wp\/v2\/pages\/523"}],"wp:attachment":[{"href":"https:\/\/trasatlantica.org\/index.php?rest_route=%2Fwp%2Fv2%2Fmedia&parent=320"}],"curies":[{"name":"wp","href":"https:\/\/api.w.org\/{rel}","templated":true}]}}