{"id":331,"date":"2024-08-25T17:29:40","date_gmt":"2024-08-25T21:29:40","guid":{"rendered":"https:\/\/trasatlantica.org\/?page_id=331"},"modified":"2024-11-12T13:32:00","modified_gmt":"2024-11-12T18:32:00","slug":"eduardo-rodriguez-martinez","status":"publish","type":"page","link":"https:\/\/trasatlantica.org\/?page_id=331","title":{"rendered":"Eduardo Rodr\u00edguez Mart\u00ednez"},"content":{"rendered":"\n<div class=\"wp-block-nk-awb nk-awb  alignwide\"><div class=\"nk-awb-wrap\" style=\"background:#ffffff\" data-awb-type=\"image\" data-awb-parallax=\"scroll\" data-awb-parallax-speed=\"0.5\" data-awb-parallax-mobile=\"true\" data-awb-image-background-size=\"cover\" data-awb-image-background-position=\"34% 46%\"><div class=\"nk-awb-inner\" style=\"opacity: 0.27;\"><img data-recalc-dims=\"1\" decoding=\"async\" data-attachment-id=\"1207\" data-permalink=\"https:\/\/trasatlantica.org\/?attachment_id=1207\" data-orig-file=\"https:\/\/i0.wp.com\/trasatlantica.org\/wp-content\/uploads\/2024\/09\/barbwire.jpg?fit=2503%2C3230&amp;ssl=1\" data-orig-size=\"2503,3230\" data-comments-opened=\"1\" data-image-meta=\"{&quot;aperture&quot;:&quot;0&quot;,&quot;credit&quot;:&quot;&quot;,&quot;camera&quot;:&quot;&quot;,&quot;caption&quot;:&quot;&quot;,&quot;created_timestamp&quot;:&quot;0&quot;,&quot;copyright&quot;:&quot;&quot;,&quot;focal_length&quot;:&quot;0&quot;,&quot;iso&quot;:&quot;0&quot;,&quot;shutter_speed&quot;:&quot;0&quot;,&quot;title&quot;:&quot;&quot;,&quot;orientation&quot;:&quot;0&quot;}\" data-image-title=\"barbwire\" data-image-description=\"\" data-image-caption=\"\" data-large-file=\"https:\/\/i0.wp.com\/trasatlantica.org\/wp-content\/uploads\/2024\/09\/barbwire.jpg?fit=580%2C748&amp;ssl=1\" src=\"https:\/\/i0.wp.com\/trasatlantica.org\/wp-content\/uploads\/2024\/09\/barbwire.jpg?resize=2000%2C2581&#038;ssl=1\" class=\"wp-image-1207 jarallax-img\" width=\"2000\" height=\"2581\" srcset=\"https:\/\/i0.wp.com\/trasatlantica.org\/wp-content\/uploads\/2024\/09\/barbwire.jpg?w=2503&amp;ssl=1 2503w, https:\/\/i0.wp.com\/trasatlantica.org\/wp-content\/uploads\/2024\/09\/barbwire.jpg?resize=232%2C300&amp;ssl=1 232w, https:\/\/i0.wp.com\/trasatlantica.org\/wp-content\/uploads\/2024\/09\/barbwire.jpg?resize=794%2C1024&amp;ssl=1 794w, https:\/\/i0.wp.com\/trasatlantica.org\/wp-content\/uploads\/2024\/09\/barbwire.jpg?resize=768%2C991&amp;ssl=1 768w, https:\/\/i0.wp.com\/trasatlantica.org\/wp-content\/uploads\/2024\/09\/barbwire.jpg?resize=1190%2C1536&amp;ssl=1 1190w, https:\/\/i0.wp.com\/trasatlantica.org\/wp-content\/uploads\/2024\/09\/barbwire.jpg?resize=1587%2C2048&amp;ssl=1 1587w, https:\/\/i0.wp.com\/trasatlantica.org\/wp-content\/uploads\/2024\/09\/barbwire.jpg?resize=1200%2C1549&amp;ssl=1 1200w, https:\/\/i0.wp.com\/trasatlantica.org\/wp-content\/uploads\/2024\/09\/barbwire.jpg?resize=1980%2C2555&amp;ssl=1 1980w\" sizes=\"(max-width: 2000px) 100vw, 2000px\" \/><\/div><\/div><div class=\"nk-awb-wrap-content is-layout-constrained wp-block-nk-awb-is-layout-constrained\">\n<div class=\"wp-block-group alignwide\"><div class=\"wp-block-group__inner-container is-layout-constrained wp-block-group-is-layout-constrained\">\n<div class=\"wp-block-columns is-layout-flex wp-container-core-columns-is-layout-8f761849 wp-block-columns-is-layout-flex\">\n<div class=\"wp-block-column is-layout-flow wp-block-column-is-layout-flow\">\n<p class=\"has-text-align-center has-primary-color has-text-color has-link-color wp-elements-20a68a3b690a8e9cda3dd1a29d050a1d wp-block-paragraph\" style=\"font-size:25px\"><strong>Las espirales m\u00e1s hondas<\/strong><\/p>\n<\/div>\n<\/div>\n\n\n\n<div class=\"wp-block-group\"><div class=\"wp-block-group__inner-container is-layout-constrained wp-block-group-is-layout-constrained\">\n<p class=\"has-text-align-left has-primary-color has-text-color has-link-color wp-elements-490673abde363d3548925902b96ecc78 wp-block-paragraph\" style=\"font-size:17px;line-height:1.5\">En las mismas horas donde todo es espanto, Antonia Eiriz navega con su pierna coja por toda la casa, pensando encontrar alg\u00fan asidero posible a tanta soledad.<br>Un golpe tras otro, una percusi\u00f3n salvaje para hacer danzar la muerte, la tosca muerte que se precipita sobre ella como un discurso o un espectador que llega de pronto.<br>Ella ha dejado sobre la mesa la taza humeante del caf\u00e9, las grandes obras, una sangrante soledad que sabe est\u00e1 all\u00ed y asoma levemente la cabeza. Ha recorrido tanto buscando el encuentro, el gesto emancipador detr\u00e1s de tantas noches ruidosas.<br>En las mismas horas donde ya no hay espanto, Antonia Eiriz camina con la muerte, coja&nbsp;por toda la casa, y sabe, una vez m\u00e1s, que la soledad es tan, o m\u00e1s persistente, que los monstruos que no dejar\u00e1n de habitarla nunca.<\/p>\n\n\n\n<p class=\"has-text-align-left wp-block-paragraph\" style=\"font-size:16px;line-height:1.5\"><\/p>\n<\/div><\/div>\n<\/div><\/div>\n<\/div><\/div>\n\n\n\n<div class=\"wp-block-nk-awb nk-awb  alignwide\"><div class=\"nk-awb-wrap\" style=\"background:#6d6d6d\" data-awb-type=\"image\" data-awb-parallax=\"scroll-opacity\" data-awb-parallax-speed=\"0.5\" data-awb-parallax-mobile=\"true\" data-awb-image-background-size=\"cover\" data-awb-image-background-position=\"50% 50%\"><div class=\"nk-awb-inner\" style=\"opacity: 0.71;\"><img data-recalc-dims=\"1\" decoding=\"async\" data-attachment-id=\"2270\" data-permalink=\"https:\/\/trasatlantica.org\/?attachment_id=2270\" data-orig-file=\"https:\/\/i0.wp.com\/trasatlantica.org\/wp-content\/uploads\/2024\/10\/captura-de-pantalla-2024-05-10-a-las-17-17-30_32f4295e_240510175549_1280x1019.jpg?fit=1280%2C1019&amp;ssl=1\" data-orig-size=\"1280,1019\" data-comments-opened=\"1\" data-image-meta=\"{&quot;aperture&quot;:&quot;0&quot;,&quot;credit&quot;:&quot;&quot;,&quot;camera&quot;:&quot;&quot;,&quot;caption&quot;:&quot;Screenshot&quot;,&quot;created_timestamp&quot;:&quot;0&quot;,&quot;copyright&quot;:&quot;&quot;,&quot;focal_length&quot;:&quot;0&quot;,&quot;iso&quot;:&quot;0&quot;,&quot;shutter_speed&quot;:&quot;0&quot;,&quot;title&quot;:&quot;Screenshot&quot;,&quot;orientation&quot;:&quot;0&quot;}\" data-image-title=\"Screenshot\" data-image-description=\"\" data-image-caption=\"&lt;p&gt;Screenshot&lt;\/p&gt;\n\" data-large-file=\"https:\/\/i0.wp.com\/trasatlantica.org\/wp-content\/uploads\/2024\/10\/captura-de-pantalla-2024-05-10-a-las-17-17-30_32f4295e_240510175549_1280x1019.jpg?fit=580%2C462&amp;ssl=1\" src=\"https:\/\/i0.wp.com\/trasatlantica.org\/wp-content\/uploads\/2024\/10\/captura-de-pantalla-2024-05-10-a-las-17-17-30_32f4295e_240510175549_1280x1019.jpg?resize=1280%2C1019&#038;ssl=1\" class=\"wp-image-2270 jarallax-img\" width=\"1280\" height=\"1019\" srcset=\"https:\/\/i0.wp.com\/trasatlantica.org\/wp-content\/uploads\/2024\/10\/captura-de-pantalla-2024-05-10-a-las-17-17-30_32f4295e_240510175549_1280x1019.jpg?w=1280&amp;ssl=1 1280w, https:\/\/i0.wp.com\/trasatlantica.org\/wp-content\/uploads\/2024\/10\/captura-de-pantalla-2024-05-10-a-las-17-17-30_32f4295e_240510175549_1280x1019.jpg?resize=300%2C239&amp;ssl=1 300w, https:\/\/i0.wp.com\/trasatlantica.org\/wp-content\/uploads\/2024\/10\/captura-de-pantalla-2024-05-10-a-las-17-17-30_32f4295e_240510175549_1280x1019.jpg?resize=1024%2C815&amp;ssl=1 1024w, https:\/\/i0.wp.com\/trasatlantica.org\/wp-content\/uploads\/2024\/10\/captura-de-pantalla-2024-05-10-a-las-17-17-30_32f4295e_240510175549_1280x1019.jpg?resize=768%2C611&amp;ssl=1 768w, https:\/\/i0.wp.com\/trasatlantica.org\/wp-content\/uploads\/2024\/10\/captura-de-pantalla-2024-05-10-a-las-17-17-30_32f4295e_240510175549_1280x1019.jpg?resize=500%2C398&amp;ssl=1 500w, https:\/\/i0.wp.com\/trasatlantica.org\/wp-content\/uploads\/2024\/10\/captura-de-pantalla-2024-05-10-a-las-17-17-30_32f4295e_240510175549_1280x1019.jpg?resize=800%2C637&amp;ssl=1 800w, https:\/\/i0.wp.com\/trasatlantica.org\/wp-content\/uploads\/2024\/10\/captura-de-pantalla-2024-05-10-a-las-17-17-30_32f4295e_240510175549_1280x1019.jpg?resize=1200%2C955&amp;ssl=1 1200w\" sizes=\"(max-width: 1280px) 100vw, 1280px\" \/><\/div><\/div><div class=\"nk-awb-wrap-content is-layout-constrained wp-block-nk-awb-is-layout-constrained\">\n<div class=\"wp-block-group alignfull\"><div class=\"wp-block-group__inner-container is-layout-constrained wp-block-group-is-layout-constrained\">\n<div class=\"wp-block-group\"><div class=\"wp-block-group__inner-container is-layout-constrained wp-block-group-is-layout-constrained\">\n<p class=\"has-text-align-center has-text-color has-link-color has-larger-font-size wp-elements-eb08d2bc7194e709fd61b33305f816fa wp-block-paragraph\" style=\"color:#ffffff\"><strong>La libertad guiando al pueblo<\/strong><\/p>\n\n\n\n<div class=\"wp-block-columns alignwide is-layout-flex wp-container-core-columns-is-layout-8f761849 wp-block-columns-is-layout-flex\">\n<div class=\"wp-block-column is-layout-flow wp-block-column-is-layout-flow\" style=\"flex-basis:100%\">\n<p class=\"has-text-color has-link-color has-small-font-size wp-elements-ed0c67b24226d055588fb39b8201948e wp-block-paragraph\" style=\"color:#ffffff\">En un cuadro de Delacroix las tetas de una mujer gu\u00edan al pueblo. Ef\u00edmeras se levantan como el fuego, tratando de abrirse camino hacia la verdadera libertad. <em>Todo va a caer alg\u00fan d\u00eda<\/em>, sentencian los rostros; imp\u00e1vidos, llenos de anhelos. Sin hablar dicen. Sin alejar el grito de la mano temblorosa. La libertad es un arma. Tambi\u00e9n el tiempo. Lo saben qui\u00e9nes la acompa\u00f1an y quienes desde la muerte vigilan. Ah\u00ed el ojo, el aparato represor. Ah\u00ed la bulla, el jolgorio, la osamenta que delata. Sobre ese levantamiento, navegar\u00e1n otros con m\u00e1s suerte o con m\u00e1s preponderancia.&nbsp;<\/p>\n<\/div>\n<\/div>\n<\/div><\/div>\n<\/div><\/div>\n<\/div><\/div>\n\n\n\n<div class=\"wp-block-nk-awb nk-awb\"><div class=\"nk-awb-wrap\" style=\"background:#338cde\" data-awb-type=\"image\" data-awb-parallax=\"scroll-opacity\" data-awb-parallax-speed=\"0.5\" data-awb-parallax-mobile=\"true\" data-awb-image-background-size=\"cover\" data-awb-image-background-position=\"50% 50%\"><div class=\"nk-awb-inner\" style=\"opacity: 0.35;\"><img data-recalc-dims=\"1\" decoding=\"async\" data-attachment-id=\"1213\" data-permalink=\"https:\/\/trasatlantica.org\/?attachment_id=1213\" data-orig-file=\"https:\/\/i0.wp.com\/trasatlantica.org\/wp-content\/uploads\/2024\/09\/cold-air-painting-2.png?fit=1024%2C768&amp;ssl=1\" data-orig-size=\"1024,768\" data-comments-opened=\"1\" data-image-meta=\"{&quot;aperture&quot;:&quot;0&quot;,&quot;credit&quot;:&quot;&quot;,&quot;camera&quot;:&quot;&quot;,&quot;caption&quot;:&quot;&quot;,&quot;created_timestamp&quot;:&quot;0&quot;,&quot;copyright&quot;:&quot;&quot;,&quot;focal_length&quot;:&quot;0&quot;,&quot;iso&quot;:&quot;0&quot;,&quot;shutter_speed&quot;:&quot;0&quot;,&quot;title&quot;:&quot;&quot;,&quot;orientation&quot;:&quot;0&quot;}\" data-image-title=\"cold-air-painting\" data-image-description=\"\" data-image-caption=\"\" data-large-file=\"https:\/\/i0.wp.com\/trasatlantica.org\/wp-content\/uploads\/2024\/09\/cold-air-painting-2.png?fit=580%2C435&amp;ssl=1\" src=\"https:\/\/i0.wp.com\/trasatlantica.org\/wp-content\/uploads\/2024\/09\/cold-air-painting-2.png?resize=1024%2C768&#038;ssl=1\" class=\"wp-image-1213 jarallax-img\" width=\"1024\" height=\"768\" srcset=\"https:\/\/i0.wp.com\/trasatlantica.org\/wp-content\/uploads\/2024\/09\/cold-air-painting-2.png?w=1024&amp;ssl=1 1024w, https:\/\/i0.wp.com\/trasatlantica.org\/wp-content\/uploads\/2024\/09\/cold-air-painting-2.png?resize=300%2C225&amp;ssl=1 300w, https:\/\/i0.wp.com\/trasatlantica.org\/wp-content\/uploads\/2024\/09\/cold-air-painting-2.png?resize=768%2C576&amp;ssl=1 768w, https:\/\/i0.wp.com\/trasatlantica.org\/wp-content\/uploads\/2024\/09\/cold-air-painting-2.png?resize=800%2C600&amp;ssl=1 800w, https:\/\/i0.wp.com\/trasatlantica.org\/wp-content\/uploads\/2024\/09\/cold-air-painting-2.png?resize=600%2C450&amp;ssl=1 600w, https:\/\/i0.wp.com\/trasatlantica.org\/wp-content\/uploads\/2024\/09\/cold-air-painting-2.png?resize=400%2C300&amp;ssl=1 400w, https:\/\/i0.wp.com\/trasatlantica.org\/wp-content\/uploads\/2024\/09\/cold-air-painting-2.png?resize=200%2C150&amp;ssl=1 200w\" sizes=\"(max-width: 1024px) 100vw, 1024px\" \/><\/div><\/div><div class=\"nk-awb-wrap-content is-layout-constrained wp-block-nk-awb-is-layout-constrained\">\n<div class=\"wp-block-group\"><div class=\"wp-block-group__inner-container is-layout-constrained wp-block-group-is-layout-constrained\">\n<div class=\"wp-block-group\"><div class=\"wp-block-group__inner-container is-layout-constrained wp-block-group-is-layout-constrained\">\n<p class=\"has-text-align-center has-text-color has-link-color has-x-large-font-size wp-elements-74edd6c79797284134a42848df96b807 wp-block-paragraph\" style=\"color:#f8f8f8\">Aire fr\u00edo<\/p>\n\n\n\n<p class=\"has-text-color has-link-color wp-elements-10bff5ecdcfcf1f84988960ebde83620 wp-block-paragraph\" style=\"color:#f8f8f8\">Este helado cristal, Virgilio, esta man\u00eda de nombrarlo todo, de quererlo todo, de pensarlo todo. Volvemos sobre los huesos cansados de la noche, a pernoctar, y saber del camino como un chiste, un mal cuento dejado a la suerte.<br>El invierno nunca se ha ido. Tampoco la mueca y el miedo. Menos los sinsabores, la escritura, el p\u00e1nico, la isla.<br>Este pecho, esta patria sin nombre, Virgilio. Esa man\u00eda de volver al silencio enternecedor, a las mismas aguas.<\/p>\n<\/div><\/div>\n<\/div><\/div>\n<\/div><\/div>\n\n\n\n<div class=\"wp-block-nk-awb nk-awb  alignwide\"><div class=\"nk-awb-wrap\" data-awb-type=\"image\" data-awb-parallax=\"scroll\" data-awb-parallax-speed=\"0.5\" data-awb-parallax-mobile=\"true\" data-awb-image-background-size=\"cover\" data-awb-image-background-position=\"46% 85%\"><div class=\"nk-awb-inner\"><img data-recalc-dims=\"1\" decoding=\"async\" data-attachment-id=\"1212\" data-permalink=\"https:\/\/trasatlantica.org\/?attachment_id=1212\" data-orig-file=\"https:\/\/i0.wp.com\/trasatlantica.org\/wp-content\/uploads\/2024\/09\/cold-air-painting-1.png?fit=1024%2C768&amp;ssl=1\" data-orig-size=\"1024,768\" data-comments-opened=\"1\" data-image-meta=\"{&quot;aperture&quot;:&quot;0&quot;,&quot;credit&quot;:&quot;&quot;,&quot;camera&quot;:&quot;&quot;,&quot;caption&quot;:&quot;&quot;,&quot;created_timestamp&quot;:&quot;0&quot;,&quot;copyright&quot;:&quot;&quot;,&quot;focal_length&quot;:&quot;0&quot;,&quot;iso&quot;:&quot;0&quot;,&quot;shutter_speed&quot;:&quot;0&quot;,&quot;title&quot;:&quot;&quot;,&quot;orientation&quot;:&quot;0&quot;}\" data-image-title=\"cold-air-painting\" data-image-description=\"\" data-image-caption=\"\" data-large-file=\"https:\/\/i0.wp.com\/trasatlantica.org\/wp-content\/uploads\/2024\/09\/cold-air-painting-1.png?fit=580%2C435&amp;ssl=1\" src=\"https:\/\/i0.wp.com\/trasatlantica.org\/wp-content\/uploads\/2024\/09\/cold-air-painting-1.png?resize=1024%2C768&#038;ssl=1\" class=\"wp-image-1212 jarallax-img\" width=\"1024\" height=\"768\" srcset=\"https:\/\/i0.wp.com\/trasatlantica.org\/wp-content\/uploads\/2024\/09\/cold-air-painting-1.png?w=1024&amp;ssl=1 1024w, https:\/\/i0.wp.com\/trasatlantica.org\/wp-content\/uploads\/2024\/09\/cold-air-painting-1.png?resize=300%2C225&amp;ssl=1 300w, https:\/\/i0.wp.com\/trasatlantica.org\/wp-content\/uploads\/2024\/09\/cold-air-painting-1.png?resize=768%2C576&amp;ssl=1 768w, https:\/\/i0.wp.com\/trasatlantica.org\/wp-content\/uploads\/2024\/09\/cold-air-painting-1.png?resize=800%2C600&amp;ssl=1 800w, https:\/\/i0.wp.com\/trasatlantica.org\/wp-content\/uploads\/2024\/09\/cold-air-painting-1.png?resize=600%2C450&amp;ssl=1 600w, https:\/\/i0.wp.com\/trasatlantica.org\/wp-content\/uploads\/2024\/09\/cold-air-painting-1.png?resize=400%2C300&amp;ssl=1 400w, https:\/\/i0.wp.com\/trasatlantica.org\/wp-content\/uploads\/2024\/09\/cold-air-painting-1.png?resize=200%2C150&amp;ssl=1 200w\" sizes=\"(max-width: 1024px) 100vw, 1024px\" \/><\/div><\/div><div class=\"nk-awb-wrap-content is-layout-constrained wp-block-nk-awb-is-layout-constrained\">\n<div style=\"height:449px\" aria-hidden=\"true\" class=\"wp-block-spacer\"><\/div>\n<\/div><\/div>\n\n\n\n<div class=\"wp-block-group alignwide has-primary-color has-background-background-color has-text-color has-background has-link-color wp-elements-f2a799014f311f392cdabee48f649e4e\"><div class=\"wp-block-group__inner-container is-layout-constrained wp-block-group-is-layout-constrained\">\n<p class=\"has-primary-color has-background-background-color has-text-color has-background has-link-color has-large-font-size wp-elements-1bfe468efe855eef3525cd12ce1aa7a5 wp-block-paragraph\">Mercadeo e ilusi\u00f3n<\/p>\n\n\n\n<p class=\"has-primary-color has-background-background-color has-text-color has-background has-link-color has-small-font-size wp-elements-c3ffb2e789398e06d1aa06aaf7bf29ab wp-block-paragraph\">Detr\u00e1s del vendedor que entona sus ojos hacia m\u00ed, est\u00e1 la aguda fiereza de la bestia. En esa mirada ha puesto toda su energ\u00eda para hacerme palidecer. <em>Oh flor del tiempo*<\/em>, le digo.&nbsp;<br>\u00c9l, tigre de Bengala, de Sumatra, Siberiano; ilusorio en toda su estridencia.&nbsp;<br>Yo, tigre de Borges, de Blake, creyendo en el emblema y en el tiempo; cauto.<br>\u00c9ramos dos animales esperando la presa. Dos fieras a la espera de un gesto, de un cambio que llegara para transformarlo todo.<\/p>\n\n\n\n<p class=\"has-text-align-center has-primary-color has-background-background-color has-text-color has-background has-link-color has-small-font-size wp-elements-3b017305bc29e515ed93a4a2f3df6dab wp-block-paragraph\"><em>de la poes\u00eda no se vive<\/em><br><em><br><span style=\"font-size: 12pt;, serif;color: rgb(0, 0, 0);background-color: transparent;font-style: italic;vertical-align: baseline\"><\/span>de la poes\u00eda no se come<\/em><br><em><br>de la poes\u00eda\u2026<\/em><\/p>\n\n\n\n<p class=\"has-text-align-center has-primary-color has-background-background-color has-text-color has-background has-link-color has-small-font-size wp-elements-a01c319334b550c3d8cda62204bfb6ff wp-block-paragraph\">Lo o\u00ed mascullar y solo pude alejarme. Pensar en alg\u00fan que otro certamen que me llevara a volver, a mirarlo febril en toda su estatura; ac\u00e9rcame, escoger y pagar.<br>Volver a ser el mismo tigre, con hambre, sediento de Borges y de Blake; alejarme y repetirle: <em>Oh flor del tiempo, de la poes\u00eda, de la poes\u00eda, de la poes\u00eda<\/em>.<br><br>*Paul Celan<\/p>\n<\/div><\/div>\n\n\n\n<div style=\"height:23px\" aria-hidden=\"true\" class=\"wp-block-spacer\"><\/div>\n\n\n\n<div class=\"wp-block-nk-awb nk-awb  alignwide\"><div class=\"nk-awb-wrap\" style=\"background:#6d6d6d\" data-awb-type=\"image\" data-awb-parallax=\"scroll\" data-awb-parallax-speed=\"0.5\" data-awb-parallax-mobile=\"true\" data-awb-image-background-size=\"cover\" data-awb-image-background-position=\"54% 72%\"><div class=\"nk-awb-inner\" style=\"opacity: 0.17;\"><img data-recalc-dims=\"1\" decoding=\"async\" data-attachment-id=\"1220\" data-permalink=\"https:\/\/trasatlantica.org\/?attachment_id=1220\" data-orig-file=\"https:\/\/i0.wp.com\/trasatlantica.org\/wp-content\/uploads\/2024\/09\/street-meat-seller-sad-pushing-a-cart.png?fit=1024%2C768&amp;ssl=1\" data-orig-size=\"1024,768\" data-comments-opened=\"1\" data-image-meta=\"{&quot;aperture&quot;:&quot;0&quot;,&quot;credit&quot;:&quot;&quot;,&quot;camera&quot;:&quot;&quot;,&quot;caption&quot;:&quot;&quot;,&quot;created_timestamp&quot;:&quot;0&quot;,&quot;copyright&quot;:&quot;&quot;,&quot;focal_length&quot;:&quot;0&quot;,&quot;iso&quot;:&quot;0&quot;,&quot;shutter_speed&quot;:&quot;0&quot;,&quot;title&quot;:&quot;&quot;,&quot;orientation&quot;:&quot;0&quot;}\" data-image-title=\"street-meat-seller-sad-pushing-a-cart\" data-image-description=\"\" data-image-caption=\"\" data-large-file=\"https:\/\/i0.wp.com\/trasatlantica.org\/wp-content\/uploads\/2024\/09\/street-meat-seller-sad-pushing-a-cart.png?fit=580%2C435&amp;ssl=1\" src=\"https:\/\/i0.wp.com\/trasatlantica.org\/wp-content\/uploads\/2024\/09\/street-meat-seller-sad-pushing-a-cart.png?resize=1024%2C768&#038;ssl=1\" class=\"wp-image-1220 jarallax-img\" width=\"1024\" height=\"768\" srcset=\"https:\/\/i0.wp.com\/trasatlantica.org\/wp-content\/uploads\/2024\/09\/street-meat-seller-sad-pushing-a-cart.png?w=1024&amp;ssl=1 1024w, https:\/\/i0.wp.com\/trasatlantica.org\/wp-content\/uploads\/2024\/09\/street-meat-seller-sad-pushing-a-cart.png?resize=300%2C225&amp;ssl=1 300w, https:\/\/i0.wp.com\/trasatlantica.org\/wp-content\/uploads\/2024\/09\/street-meat-seller-sad-pushing-a-cart.png?resize=768%2C576&amp;ssl=1 768w, https:\/\/i0.wp.com\/trasatlantica.org\/wp-content\/uploads\/2024\/09\/street-meat-seller-sad-pushing-a-cart.png?resize=800%2C600&amp;ssl=1 800w, https:\/\/i0.wp.com\/trasatlantica.org\/wp-content\/uploads\/2024\/09\/street-meat-seller-sad-pushing-a-cart.png?resize=600%2C450&amp;ssl=1 600w, https:\/\/i0.wp.com\/trasatlantica.org\/wp-content\/uploads\/2024\/09\/street-meat-seller-sad-pushing-a-cart.png?resize=400%2C300&amp;ssl=1 400w, https:\/\/i0.wp.com\/trasatlantica.org\/wp-content\/uploads\/2024\/09\/street-meat-seller-sad-pushing-a-cart.png?resize=200%2C150&amp;ssl=1 200w\" sizes=\"(max-width: 1024px) 100vw, 1024px\" \/><\/div><\/div><div class=\"nk-awb-wrap-content is-layout-constrained wp-block-nk-awb-is-layout-constrained\">\n<div class=\"wp-block-group\"><div class=\"wp-block-group__inner-container is-layout-constrained wp-block-group-is-layout-constrained\">\n<p class=\"has-text-align-center is-style-default has-text-color has-link-color has-small-font-size wp-elements-b7bf0032a89c736177ad1f49a30331fe wp-block-paragraph\" style=\"color:#ffffff\"><strong>El vendedor de carne<\/strong><\/p>\n\n\n\n<div class=\"wp-block-columns is-layout-flex wp-container-core-columns-is-layout-8f761849 wp-block-columns-is-layout-flex\">\n<div class=\"wp-block-column is-layout-flow wp-block-column-is-layout-flow\" style=\"flex-basis:100%\">\n<p class=\"has-text-align-left has-text-color has-link-color has-small-font-size wp-elements-9c6b3416961a50e5aa3da5b62e3e001d wp-block-paragraph\" style=\"color:#ffffff\">Bajo el golpe seco del hombre sin pierna que pasa cada tarde frente a casa, los perros desatan su furia. Furia al sonido seco, a o\u00edrlo en ese vaiv\u00e9n de pasos que no entienden, pero que saben que la muerte estuvo ah\u00ed. Que persiste en cada paso, en cada golpe de la masa negruzca que arrastra a cualquier hora.&nbsp;<br>Todos los vemos pasar en la ma\u00f1ana y en la tarde con su pierna sola, y lentamente ir y venir&nbsp;<br>acompasado del ruido de las artima\u00f1as que ha encontrado para alejar un poco la miseria de lo que le falta.<br>Bajo el ladrido fuerte de los perros sabemos que se acerca y buscamos escondernos, no vaya a ser que la muerte persista y se quede en nosotros como un sonido; alguna furia que no termina de poseernos.<\/p>\n<\/div>\n<\/div>\n<\/div><\/div>\n<\/div><\/div>\n\n\n\n<div class=\"wp-block-columns alignwide is-layout-flex wp-container-core-columns-is-layout-8f761849 wp-block-columns-is-layout-flex\">\n<div class=\"wp-block-column is-layout-flow wp-block-column-is-layout-flow\" style=\"flex-basis:100%\">\n<p class=\"has-primary-color has-subtle-background-background-color has-text-color has-background has-link-color has-small-font-size wp-elements-806c5860e5f72c24c2bc2ff571c558fa wp-block-paragraph\"><strong>Eduardo Rodr\u00edguez Mart\u00ednez<\/strong> (Camag\u00fcey, 1980). Poet, visual artist, and editorial designer. He has published the poetry collections <em>Sobre la arena circular<\/em> and <em>D\u00edas de silencio<\/em>, both by the \u00c1cana publishing house, in 2016 and 2010. In 2019, another edition of <em>Days of Silence <\/em>came out by D\u2019Mc Pherson Editorial. The novel <em>The Summer<\/em> <em>of the Dead<\/em> and the children\u2019s literature book <em>Ratico\u2019s Recipes. Adventures in the Kitchen<\/em>, in 2022, as well as the poetry book <em>An Orifice for the Fools<\/em>, in 2023, all by D\u2019Mc Pherson Editorial. He appears in the anthologies <em>Sombras que solo yo veo<\/em>, Ed. \u00c1cana, 2010; <em>The tree at the top. New Cuban Poets at the Door of the Millennium<\/em>, Ed. Letras cubanas, 2014 and <em>En islotes de intimidad y silencio<\/em>, Ed. \u00c1cana, 2017. As an artist, he has participated in several photographic exhibitions, both inside and outside Cuba.<\/p>\n<\/div>\n<\/div>\n\n\n\n<p class=\"wp-block-paragraph\"><\/p>\n\n\n\n<p class=\"wp-block-paragraph\"><\/p>\n\n\n\n<hr class=\"wp-block-separator has-alpha-channel-opacity\"\/>\n<!-- PMB print buttons is only displayed on a single post\/page URLs-->","protected":false},"excerpt":{"rendered":"<p>Mercadeo e ilusi\u00f3n Detr\u00e1s del vendedor que entona sus ojos hacia m\u00ed, est\u00e1 la aguda fiereza de la bestia. En esa mirada ha puesto toda su energ\u00eda para hacerme palidecer. Oh flor del tiempo*, le digo.&nbsp;\u00c9l, tigre de Bengala, de Sumatra, Siberiano; ilusorio en toda su estridencia.&nbsp;Yo, tigre de Borges, de Blake, creyendo en el [&hellip;]<\/p>\n","protected":false},"author":196861203,"featured_media":0,"parent":523,"menu_order":0,"comment_status":"closed","ping_status":"closed","template":"","meta":{"_coblocks_attr":"","_coblocks_dimensions":"","_coblocks_responsive_height":"","_coblocks_accordion_ie_support":"","_crdt_document":"","advanced_seo_description":"","jetpack_seo_html_title":"","jetpack_seo_noindex":false,"footnotes":""},"class_list":["post-331","page","type-page","status-publish","hentry"],"jetpack_likes_enabled":false,"jetpack_sharing_enabled":true,"jetpack_shortlink":"https:\/\/wp.me\/P2V8if-5l","jetpack-related-posts":[{"id":523,"url":"https:\/\/trasatlantica.org\/?page_id=523","url_meta":{"origin":331,"position":0},"title":"POETRY","author":"diceyk","date":"August 23, 2024","format":false,"excerpt":"Angela AcostaDaniel Ch\u00e1vez LanderosB\u00e1rbara Escobar AnleuIrina GarbatzkyPablo G. LLeonartLara L\u00f3pez de Jes\u00fasDiego MoraEduardo Rodr\u00edguez Mart\u00ednezJos\u00e9 Ram\u00f3n Ruis\u00e1nchezGustavo Ruiz PascacioRicardo Tejera Partido","rel":"","context":"Similar post","block_context":{"text":"Similar post","link":""},"img":{"alt_text":"","src":"https:\/\/i0.wp.com\/trasatlantica.org\/wp-content\/uploads\/2024\/09\/el-sendero-1200182.jpg?resize=350%2C200&ssl=1","width":350,"height":200,"srcset":"https:\/\/i0.wp.com\/trasatlantica.org\/wp-content\/uploads\/2024\/09\/el-sendero-1200182.jpg?resize=350%2C200&ssl=1 1x, https:\/\/i0.wp.com\/trasatlantica.org\/wp-content\/uploads\/2024\/09\/el-sendero-1200182.jpg?resize=525%2C300&ssl=1 1.5x, https:\/\/i0.wp.com\/trasatlantica.org\/wp-content\/uploads\/2024\/09\/el-sendero-1200182.jpg?resize=700%2C400&ssl=1 2x, https:\/\/i0.wp.com\/trasatlantica.org\/wp-content\/uploads\/2024\/09\/el-sendero-1200182.jpg?resize=1050%2C600&ssl=1 3x, https:\/\/i0.wp.com\/trasatlantica.org\/wp-content\/uploads\/2024\/09\/el-sendero-1200182.jpg?resize=1400%2C800&ssl=1 4x"},"classes":[]},{"id":5763,"url":"https:\/\/trasatlantica.org\/?page_id=5763","url_meta":{"origin":331,"position":1},"title":"Poetry\/Poes\u00eda","author":"Soviet Cuba: Identities in Transition","date":"January 8, 2026","format":false,"excerpt":"Newest additions\/\u00daltimas adiciones Aleyda Quevedo Rojas Alfredo Alonso Estenoz Alicia Llarena Gonz\u00e1lez Ana Merino Antonio Colinas Bruno R\u00edos Coral Bracho Francisco Layna Ranz Hern\u00e1n Bravo Varela Jorge Saucedo Julio Marinas Odette Alonso Olga Mu\u00f1oz Carrasco Tambi\u00e9n\/Also Angela AcostaAtilio CaballeroB\u00e1rbara Escobar AnleuBenito PascualDaniel S\u00e1nchez LanderosDairen ZamoraDiego MoraEduardo Rodr\u00edguez Mart\u00ednezGustavo Ruiz PascacioIrina\u2026","rel":"","context":"Similar post","block_context":{"text":"Similar post","link":""},"img":{"alt_text":"","src":"https:\/\/i0.wp.com\/trasatlantica.org\/wp-content\/uploads\/2024\/09\/barbwire.jpg?resize=350%2C200&ssl=1","width":350,"height":200,"srcset":"https:\/\/i0.wp.com\/trasatlantica.org\/wp-content\/uploads\/2024\/09\/barbwire.jpg?resize=350%2C200&ssl=1 1x, https:\/\/i0.wp.com\/trasatlantica.org\/wp-content\/uploads\/2024\/09\/barbwire.jpg?resize=525%2C300&ssl=1 1.5x, https:\/\/i0.wp.com\/trasatlantica.org\/wp-content\/uploads\/2024\/09\/barbwire.jpg?resize=700%2C400&ssl=1 2x, https:\/\/i0.wp.com\/trasatlantica.org\/wp-content\/uploads\/2024\/09\/barbwire.jpg?resize=1050%2C600&ssl=1 3x, https:\/\/i0.wp.com\/trasatlantica.org\/wp-content\/uploads\/2024\/09\/barbwire.jpg?resize=1400%2C800&ssl=1 4x"},"classes":[]},{"id":5280,"url":"https:\/\/trasatlantica.org\/?page_id=5280","url_meta":{"origin":331,"position":2},"title":"Encuentro de poes\u00eda trasatl\u00e1ntica","author":"Soviet Cuba: Identities in Transition","date":"July 6, 2025","format":false,"excerpt":"Poes\u00eda Trasatl\u00e1ntica en Zamora Zamora, la capital del rom\u00e1nico europeo, ser\u00e1 sede del Primer Encuentro de Poes\u00eda Trasatl\u00e1ntica. Del 13 al 15 de junio del 2025. M\u00e1s de veinticinco poetas de las tres orillas trasatl\u00e1nticas se dar\u00e1n cita para leer poes\u00eda y conversar sobre poes\u00eda. El n\u00famero 2 de la\u2026","rel":"","context":"Similar post","block_context":{"text":"Similar post","link":""},"img":{"alt_text":"","src":"https:\/\/i0.wp.com\/trasatlantica.org\/wp-content\/uploads\/2025\/02\/zamora.jpg?resize=350%2C200&ssl=1","width":350,"height":200,"srcset":"https:\/\/i0.wp.com\/trasatlantica.org\/wp-content\/uploads\/2025\/02\/zamora.jpg?resize=350%2C200&ssl=1 1x, https:\/\/i0.wp.com\/trasatlantica.org\/wp-content\/uploads\/2025\/02\/zamora.jpg?resize=525%2C300&ssl=1 1.5x, https:\/\/i0.wp.com\/trasatlantica.org\/wp-content\/uploads\/2025\/02\/zamora.jpg?resize=700%2C400&ssl=1 2x"},"classes":[]},{"id":3869,"url":"https:\/\/trasatlantica.org\/?page_id=3869","url_meta":{"origin":331,"position":3},"title":"Omar Chauvie","author":"Soviet Cuba: Identities in Transition","date":"April 19, 2025","format":false,"excerpt":"(al alcance de todos) la prima de\u00a0 gabriela la esposa de\u00a0 andr\u00e9s la mujer de\u00a0 jorgito el yerno de\u00a0 oscar el t\u00edo de\u00a0 rogelio la hermana de\u00a0 m\u00e1xima la novia de\u00a0 pablo la mujer de\u00a0 eduardo el primo de ricardo la esposa de iv\u00e1n el hijo de\u00a0 juan carlos el\u2026","rel":"","context":"Similar post","block_context":{"text":"Similar post","link":""},"img":{"alt_text":"","src":"https:\/\/trasatlantica.org\/wp-content\/uploads\/2025\/05\/preparando-concepto-mate-linda-taza_23-2149720793.avif","width":350,"height":200,"srcset":"https:\/\/trasatlantica.org\/wp-content\/uploads\/2025\/05\/preparando-concepto-mate-linda-taza_23-2149720793.avif 1x, https:\/\/trasatlantica.org\/wp-content\/uploads\/2025\/05\/preparando-concepto-mate-linda-taza_23-2149720793.avif 1.5x, https:\/\/trasatlantica.org\/wp-content\/uploads\/2025\/05\/preparando-concepto-mate-linda-taza_23-2149720793.avif 2x"},"classes":[]},{"id":5878,"url":"https:\/\/trasatlantica.org\/?page_id=5878","url_meta":{"origin":331,"position":4},"title":"Francisco Layna Ranz","author":"Soviet Cuba: Identities in Transition","date":"January 16, 2026","format":false,"excerpt":"YO TUVE UNA NOVIA Yo tuve una novia que me miraba a los ojos cuando se sacaba los pendientes. Ah\u00ed supe lo que era el deseo. Se pon\u00eda talco en los pies antes de calzarse: quer\u00eda que parecieran sucios de polvareda y caol\u00edn. El deseo se hizo sangre en direcci\u00f3n\u2026","rel":"","context":"Similar post","block_context":{"text":"Similar post","link":""},"img":{"alt_text":"","src":"https:\/\/i0.wp.com\/trasatlantica.org\/wp-content\/uploads\/2026\/02\/tao-buda-mao.jpg?resize=350%2C200&ssl=1","width":350,"height":200,"srcset":"https:\/\/i0.wp.com\/trasatlantica.org\/wp-content\/uploads\/2026\/02\/tao-buda-mao.jpg?resize=350%2C200&ssl=1 1x, https:\/\/i0.wp.com\/trasatlantica.org\/wp-content\/uploads\/2026\/02\/tao-buda-mao.jpg?resize=525%2C300&ssl=1 1.5x, https:\/\/i0.wp.com\/trasatlantica.org\/wp-content\/uploads\/2026\/02\/tao-buda-mao.jpg?resize=700%2C400&ssl=1 2x, https:\/\/i0.wp.com\/trasatlantica.org\/wp-content\/uploads\/2026\/02\/tao-buda-mao.jpg?resize=1050%2C600&ssl=1 3x, https:\/\/i0.wp.com\/trasatlantica.org\/wp-content\/uploads\/2026\/02\/tao-buda-mao.jpg?resize=1400%2C800&ssl=1 4x"},"classes":[]},{"id":6409,"url":"https:\/\/trasatlantica.org\/?page_id=6409","url_meta":{"origin":331,"position":5},"title":"Las dos orillas: sobre Bravo Varela y Layna","author":"Soviet Cuba: Identities in Transition","date":"January 20, 2026","format":false,"excerpt":"\u00a0\u00a0\u00a0\u00a0 \u00a0\u00a0\u00a0LAS DOS ORILLAS:\u00a0 \u201cAma y haz lo que quieras\u201d: sobre la libertad Jos\u00e9 Ram\u00f3n Ruis\u00e1nchez Serra Comienzo en la orilla occidental del Atl\u00e1ntico, aunque el libro apareci\u00f3 un poco antes en la otra, publicado por Pre-Textos en el 2023. El volumen m\u00e1s reciente de Hern\u00e1n Bravo Varela (Ciudad de\u2026","rel":"","context":"Similar post","block_context":{"text":"Similar post","link":""},"img":{"alt_text":"","src":"https:\/\/i0.wp.com\/trasatlantica.org\/wp-content\/uploads\/2026\/01\/dilnumigi0-nunca-mil-y-gigante_0_550.jpg?resize=350%2C200&ssl=1","width":350,"height":200,"srcset":"https:\/\/i0.wp.com\/trasatlantica.org\/wp-content\/uploads\/2026\/01\/dilnumigi0-nunca-mil-y-gigante_0_550.jpg?resize=350%2C200&ssl=1 1x, https:\/\/i0.wp.com\/trasatlantica.org\/wp-content\/uploads\/2026\/01\/dilnumigi0-nunca-mil-y-gigante_0_550.jpg?resize=525%2C300&ssl=1 1.5x"},"classes":[]}],"_links":{"self":[{"href":"https:\/\/trasatlantica.org\/index.php?rest_route=\/wp\/v2\/pages\/331","targetHints":{"allow":["GET"]}}],"collection":[{"href":"https:\/\/trasatlantica.org\/index.php?rest_route=\/wp\/v2\/pages"}],"about":[{"href":"https:\/\/trasatlantica.org\/index.php?rest_route=\/wp\/v2\/types\/page"}],"author":[{"embeddable":true,"href":"https:\/\/trasatlantica.org\/index.php?rest_route=\/wp\/v2\/users\/196861203"}],"replies":[{"embeddable":true,"href":"https:\/\/trasatlantica.org\/index.php?rest_route=%2Fwp%2Fv2%2Fcomments&post=331"}],"version-history":[{"count":96,"href":"https:\/\/trasatlantica.org\/index.php?rest_route=\/wp\/v2\/pages\/331\/revisions"}],"predecessor-version":[{"id":2815,"href":"https:\/\/trasatlantica.org\/index.php?rest_route=\/wp\/v2\/pages\/331\/revisions\/2815"}],"up":[{"embeddable":true,"href":"https:\/\/trasatlantica.org\/index.php?rest_route=\/wp\/v2\/pages\/523"}],"wp:attachment":[{"href":"https:\/\/trasatlantica.org\/index.php?rest_route=%2Fwp%2Fv2%2Fmedia&parent=331"}],"curies":[{"name":"wp","href":"https:\/\/api.w.org\/{rel}","templated":true}]}}