{"id":4200,"date":"2025-05-24T12:59:14","date_gmt":"2025-05-24T16:59:14","guid":{"rendered":"https:\/\/trasatlantica.org\/?page_id=4200"},"modified":"2025-06-13T05:21:32","modified_gmt":"2025-06-13T09:21:32","slug":"benito-pascual","status":"publish","type":"page","link":"https:\/\/trasatlantica.org\/?page_id=4200","title":{"rendered":"Benito Pascual"},"content":{"rendered":"\n<div class=\"wp-block-cover\"><img data-recalc-dims=\"1\" decoding=\"async\" width=\"1001\" height=\"667\" data-attachment-id=\"4230\" data-permalink=\"https:\/\/trasatlantica.org\/?attachment_id=4230\" data-orig-file=\"https:\/\/i0.wp.com\/trasatlantica.org\/wp-content\/uploads\/2025\/05\/Incendio-Forestal-Sierra-de-la-Culebra-2-pinos-carbonizados.jpg?fit=1001%2C667&amp;ssl=1\" data-orig-size=\"1001,667\" data-comments-opened=\"0\" data-image-meta=\"{&quot;aperture&quot;:&quot;0&quot;,&quot;credit&quot;:&quot;&quot;,&quot;camera&quot;:&quot;&quot;,&quot;caption&quot;:&quot;&quot;,&quot;created_timestamp&quot;:&quot;0&quot;,&quot;copyright&quot;:&quot;&quot;,&quot;focal_length&quot;:&quot;0&quot;,&quot;iso&quot;:&quot;0&quot;,&quot;shutter_speed&quot;:&quot;0&quot;,&quot;title&quot;:&quot;&quot;,&quot;orientation&quot;:&quot;1&quot;}\" data-image-title=\"Incendio-Forestal-Sierra-de-la-Culebra-2-pinos-carbonizados\" data-image-description=\"\" data-image-caption=\"\" data-large-file=\"https:\/\/i0.wp.com\/trasatlantica.org\/wp-content\/uploads\/2025\/05\/Incendio-Forestal-Sierra-de-la-Culebra-2-pinos-carbonizados.jpg?fit=580%2C386&amp;ssl=1\" class=\"wp-block-cover__image-background wp-image-4230\" alt=\"\" src=\"https:\/\/i0.wp.com\/trasatlantica.org\/wp-content\/uploads\/2025\/05\/Incendio-Forestal-Sierra-de-la-Culebra-2-pinos-carbonizados.jpg?resize=1001%2C667&#038;ssl=1\" data-object-fit=\"cover\" srcset=\"https:\/\/i0.wp.com\/trasatlantica.org\/wp-content\/uploads\/2025\/05\/Incendio-Forestal-Sierra-de-la-Culebra-2-pinos-carbonizados.jpg?w=1001&amp;ssl=1 1001w, https:\/\/i0.wp.com\/trasatlantica.org\/wp-content\/uploads\/2025\/05\/Incendio-Forestal-Sierra-de-la-Culebra-2-pinos-carbonizados.jpg?resize=300%2C200&amp;ssl=1 300w, https:\/\/i0.wp.com\/trasatlantica.org\/wp-content\/uploads\/2025\/05\/Incendio-Forestal-Sierra-de-la-Culebra-2-pinos-carbonizados.jpg?resize=768%2C512&amp;ssl=1 768w, https:\/\/i0.wp.com\/trasatlantica.org\/wp-content\/uploads\/2025\/05\/Incendio-Forestal-Sierra-de-la-Culebra-2-pinos-carbonizados.jpg?resize=500%2C333&amp;ssl=1 500w, https:\/\/i0.wp.com\/trasatlantica.org\/wp-content\/uploads\/2025\/05\/Incendio-Forestal-Sierra-de-la-Culebra-2-pinos-carbonizados.jpg?resize=800%2C533&amp;ssl=1 800w\" sizes=\"(max-width: 1001px) 100vw, 1001px\" \/><span aria-hidden=\"true\" class=\"wp-block-cover__background has-background-dim\"><\/span><div class=\"wp-block-cover__inner-container is-layout-flow wp-block-cover-is-layout-flow\">\n<div class=\"wp-block-group alignfull\"><div class=\"wp-block-group__inner-container is-layout-constrained wp-block-group-is-layout-constrained\">\n<p class=\"has-text-align-left has-background-color has-text-color has-link-color has-small-font-size wp-elements-35a4123a90cb317b08cd347b0209f82b wp-block-paragraph\" style=\"line-height:0.8\">No pudo dormir esa noche el bosque<\/p>\n\n\n\n<p class=\"has-text-align-left has-background-color has-text-color has-link-color has-small-font-size wp-elements-7048196f6cd8eab912945028de9c2d32 wp-block-paragraph\" style=\"line-height:0.8\">ni las siguientes.<\/p>\n\n\n\n<p class=\"has-text-align-left has-background-color has-text-color has-link-color has-small-font-size wp-elements-214db48ea414048423f94980b773c764 wp-block-paragraph\" style=\"line-height:0.8\">El insomnio era un cuerpo libidinoso<\/p>\n\n\n\n<p class=\"has-text-align-left has-background-color has-text-color has-link-color has-small-font-size wp-elements-0834ba3c43502b032a59fae5b886fc28 wp-block-paragraph\" style=\"line-height:0.8\">arrastr\u00e1ndose, penetrando en las ra\u00edces<\/p>\n\n\n\n<p class=\"has-text-align-left has-background-color has-text-color has-link-color has-small-font-size wp-elements-4c1315b7b350ba123989cfa8ff295e67 wp-block-paragraph\" style=\"line-height:0.8\">del sue\u00f1o.<\/p>\n\n\n\n<p class=\"has-text-align-left has-background-color has-text-color has-link-color has-small-font-size wp-elements-f6e4fbcd6fc76a526bc1e21054c6838c wp-block-paragraph\" style=\"line-height:0.8\">Se desvelaron todas las criaturas nocturnas.<\/p>\n\n\n\n<p class=\"has-text-align-left has-background-color has-text-color has-link-color has-small-font-size wp-elements-9d022fdb5eb6f04abf243eafac87d729 wp-block-paragraph\" style=\"line-height:0.8\">Y caus\u00f3 tanta extra\u00f1eza que a d\u00f3nde ir<\/p>\n\n\n\n<p class=\"has-text-align-left has-background-color has-text-color has-link-color has-small-font-size wp-elements-3f683d779d1b3c4f0b39422a8ebb72b8 wp-block-paragraph\" style=\"line-height:0.8\">sino a la oscuridad, al v\u00e9rtigo.<\/p>\n\n\n\n<p class=\"has-text-align-left has-background-color has-text-color has-link-color has-small-font-size wp-elements-1f29e9cbc8f622757a596d8e7225fa22 wp-block-paragraph\" style=\"line-height:0.8\">El b\u00faho no supo volar sobre la c\u00f3lera<\/p>\n\n\n\n<p class=\"has-text-align-left has-background-color has-text-color has-link-color has-small-font-size wp-elements-52d4335200cbf8add2be416a76b05dfb wp-block-paragraph\" style=\"line-height:0.8\">encendida del fuego. Confundir la presa<\/p>\n\n\n\n<p class=\"has-text-align-left has-background-color has-text-color has-link-color has-small-font-size wp-elements-259d5e5a5272d9e3a428bbd53e97d9b9 wp-block-paragraph\" style=\"line-height:0.8\">con un resplandor era una trampa.<\/p>\n\n\n\n<p class=\"has-text-align-left has-background-color has-text-color has-link-color has-small-font-size wp-elements-44b09f21feb31cdd14a056dd5d6a7cbe wp-block-paragraph\" style=\"line-height:0.8\">Mejor la quietud al exilio.<\/p>\n\n\n\n<p class=\"has-text-align-left has-background-color has-text-color has-link-color has-small-font-size wp-elements-f1c01143ac6d57c1686b7403a95c63db wp-block-paragraph\" style=\"line-height:0.8\">Despu\u00e9s, no habr\u00eda morfina<\/p>\n\n\n\n<p class=\"has-text-align-left has-background-color has-text-color has-link-color has-small-font-size wp-elements-8a1ad6674e3683e66ea80e86d20a7d7a wp-block-paragraph\" style=\"line-height:0.8\">para tanto dolor.<\/p>\n\n\n\n<p class=\"has-text-align-left has-background-color has-text-color has-link-color has-small-font-size wp-elements-faf158c703078a531195c7012236506f wp-block-paragraph\" style=\"line-height:0.8\">El rayo, por fin, quebrar\u00eda la piedra,<\/p>\n\n\n\n<p class=\"has-text-align-left has-background-color has-text-color has-link-color has-small-font-size wp-elements-ac4b73976547610a678f06d6e2314a9c wp-block-paragraph\" style=\"line-height:0.8\">el \u00e1rbol. Dividi\u00f3 la noche en dos mitades<\/p>\n\n\n\n<p class=\"has-text-align-left has-background-color has-text-color has-link-color has-small-font-size wp-elements-297a8f8c15a53ff8ce42279447f5f0bb wp-block-paragraph\" style=\"line-height:0.8\">asim\u00e9tricas.<\/p>\n\n\n\n<p class=\"has-text-align-left has-background-color has-text-color has-link-color has-small-font-size wp-elements-7e786c4adc9827e3097dd748cfd8a392 wp-block-paragraph\" style=\"line-height:0.8\">Cuando lo invisible tom\u00f3 forma<\/p>\n\n\n\n<p class=\"has-text-align-left has-background-color has-text-color has-link-color has-small-font-size wp-elements-920293c491316f6f79a94e6847a9ebed wp-block-paragraph\" style=\"line-height:0.8\">ya era demasiado tarde para despertar.<\/p>\n<\/div><\/div>\n<\/div><\/div>\n\n\n\n<div class=\"wp-block-group alignwide\"><div class=\"wp-block-group__inner-container is-layout-constrained wp-block-group-is-layout-constrained\">\n<div class=\"wp-block-nk-awb nk-awb nk-awb-fullheight nk-awb-content-valign-center alignfull alignwide has-dbdbdb-background-color has-background\"><div class=\"nk-awb-wrap\" style=\"background:#dbdbdb\" data-awb-type=\"image\" data-awb-parallax=\"scroll\" data-awb-parallax-speed=\"0.5\" data-awb-parallax-mobile=\"true\" data-awb-image-background-size=\"cover\" data-awb-image-background-position=\"50% 50%\"><div class=\"nk-awb-inner\" style=\"opacity: 0.14;\"><img data-recalc-dims=\"1\" decoding=\"async\" data-attachment-id=\"3906\" data-permalink=\"https:\/\/trasatlantica.org\/?attachment_id=3906\" data-orig-file=\"https:\/\/i0.wp.com\/trasatlantica.org\/wp-content\/uploads\/2025\/04\/lectura-de-poesia-flyer-e1748440522245.jpg?fit=2178%2C1716&amp;ssl=1\" data-orig-size=\"2178,1716\" data-comments-opened=\"0\" data-image-meta=\"{&quot;aperture&quot;:&quot;0&quot;,&quot;credit&quot;:&quot;&quot;,&quot;camera&quot;:&quot;&quot;,&quot;caption&quot;:&quot;&quot;,&quot;created_timestamp&quot;:&quot;0&quot;,&quot;copyright&quot;:&quot;&quot;,&quot;focal_length&quot;:&quot;0&quot;,&quot;iso&quot;:&quot;0&quot;,&quot;shutter_speed&quot;:&quot;0&quot;,&quot;title&quot;:&quot;&quot;,&quot;orientation&quot;:&quot;0&quot;}\" data-image-title=\"lectura de poesi\u0301a flyer\" data-image-description=\"\" data-image-caption=\"\" data-large-file=\"https:\/\/i0.wp.com\/trasatlantica.org\/wp-content\/uploads\/2025\/04\/lectura-de-poesia-flyer-e1748440522245.jpg?fit=580%2C457&amp;ssl=1\" src=\"https:\/\/i0.wp.com\/trasatlantica.org\/wp-content\/uploads\/2025\/04\/lectura-de-poesia-flyer-e1748440522245.jpg?resize=2000%2C1576&#038;ssl=1\" class=\"wp-image-3906 jarallax-img\" width=\"2000\" height=\"1576\" srcset=\"https:\/\/i0.wp.com\/trasatlantica.org\/wp-content\/uploads\/2025\/04\/lectura-de-poesia-flyer-e1748440522245.jpg?w=2178&amp;ssl=1 2178w, https:\/\/i0.wp.com\/trasatlantica.org\/wp-content\/uploads\/2025\/04\/lectura-de-poesia-flyer-e1748440522245.jpg?resize=300%2C236&amp;ssl=1 300w, https:\/\/i0.wp.com\/trasatlantica.org\/wp-content\/uploads\/2025\/04\/lectura-de-poesia-flyer-e1748440522245.jpg?resize=1024%2C807&amp;ssl=1 1024w, https:\/\/i0.wp.com\/trasatlantica.org\/wp-content\/uploads\/2025\/04\/lectura-de-poesia-flyer-e1748440522245.jpg?resize=768%2C605&amp;ssl=1 768w, https:\/\/i0.wp.com\/trasatlantica.org\/wp-content\/uploads\/2025\/04\/lectura-de-poesia-flyer-e1748440522245.jpg?resize=1536%2C1210&amp;ssl=1 1536w, https:\/\/i0.wp.com\/trasatlantica.org\/wp-content\/uploads\/2025\/04\/lectura-de-poesia-flyer-e1748440522245.jpg?resize=2048%2C1614&amp;ssl=1 2048w, https:\/\/i0.wp.com\/trasatlantica.org\/wp-content\/uploads\/2025\/04\/lectura-de-poesia-flyer-e1748440522245.jpg?resize=1200%2C945&amp;ssl=1 1200w, https:\/\/i0.wp.com\/trasatlantica.org\/wp-content\/uploads\/2025\/04\/lectura-de-poesia-flyer-e1748440522245.jpg?resize=1980%2C1560&amp;ssl=1 1980w, https:\/\/i0.wp.com\/trasatlantica.org\/wp-content\/uploads\/2025\/04\/lectura-de-poesia-flyer-e1748440522245.jpg?resize=500%2C394&amp;ssl=1 500w, https:\/\/i0.wp.com\/trasatlantica.org\/wp-content\/uploads\/2025\/04\/lectura-de-poesia-flyer-e1748440522245.jpg?resize=800%2C630&amp;ssl=1 800w, https:\/\/i0.wp.com\/trasatlantica.org\/wp-content\/uploads\/2025\/04\/lectura-de-poesia-flyer-e1748440522245.jpg?resize=1280%2C1008&amp;ssl=1 1280w, https:\/\/i0.wp.com\/trasatlantica.org\/wp-content\/uploads\/2025\/04\/lectura-de-poesia-flyer-e1748440522245.jpg?resize=1920%2C1513&amp;ssl=1 1920w\" sizes=\"(max-width: 2000px) 100vw, 2000px\" \/><\/div><\/div><div class=\"nk-awb-wrap-content is-layout-constrained wp-block-nk-awb-is-layout-constrained\">\n<p class=\"has-primary-color has-text-color has-link-color has-normal-font-size wp-elements-891abfe91511b20ea7851e23370ada56 wp-block-paragraph\">Una parte del poema viene a confirmar el silencio molecular de los objetos. Dos iguales compiten entre s\u00ed por ser el \u00fanico. Dejar\u00e1n de serlo a base del abrazo enga\u00f1oso de la contemplaci\u00f3n. Habr\u00eda, por fin, que desconfiar del fingimiento de la materia. Duda, pues, de lo tangible como manera de estar en la memoria de los ojos. A qu\u00e9 m\u00f3dico precio ceder al deslumbramiento, en qu\u00e9 saldo ser reducido \u00fanicamente por la apariencia. Dos manos abiertas, id\u00e9nticas. podr\u00e1n tocar la misma piel, pero nunca igualar su tacto. Tacto que se libra de la ceremonia del ver. Sin\u00f3nimo de confusi\u00f3n. La otra parte del poema nos dice, al fin y al cabo, siente en este final abrupto las miradas fugaces sin penetrar en su interior.<\/p>\n<\/div><\/div>\n<\/div><\/div>\n\n\n\n<div class=\"wp-block-cover\"><img data-recalc-dims=\"1\" decoding=\"async\" width=\"1024\" height=\"768\" data-attachment-id=\"4577\" data-permalink=\"https:\/\/trasatlantica.org\/?attachment_id=4577\" data-orig-file=\"https:\/\/i0.wp.com\/trasatlantica.org\/wp-content\/uploads\/2025\/05\/campo-minado.png?fit=1024%2C768&amp;ssl=1\" data-orig-size=\"1024,768\" data-comments-opened=\"0\" data-image-meta=\"{&quot;aperture&quot;:&quot;0&quot;,&quot;credit&quot;:&quot;&quot;,&quot;camera&quot;:&quot;&quot;,&quot;caption&quot;:&quot;&quot;,&quot;created_timestamp&quot;:&quot;0&quot;,&quot;copyright&quot;:&quot;&quot;,&quot;focal_length&quot;:&quot;0&quot;,&quot;iso&quot;:&quot;0&quot;,&quot;shutter_speed&quot;:&quot;0&quot;,&quot;title&quot;:&quot;&quot;,&quot;orientation&quot;:&quot;0&quot;}\" data-image-title=\"campo-minado\" data-image-description=\"\" data-image-caption=\"\" data-large-file=\"https:\/\/i0.wp.com\/trasatlantica.org\/wp-content\/uploads\/2025\/05\/campo-minado.png?fit=580%2C435&amp;ssl=1\" class=\"wp-block-cover__image-background wp-image-4577\" alt=\"\" src=\"https:\/\/i0.wp.com\/trasatlantica.org\/wp-content\/uploads\/2025\/05\/campo-minado.png?resize=1024%2C768&#038;ssl=1\" data-object-fit=\"cover\" srcset=\"https:\/\/i0.wp.com\/trasatlantica.org\/wp-content\/uploads\/2025\/05\/campo-minado.png?w=1024&amp;ssl=1 1024w, https:\/\/i0.wp.com\/trasatlantica.org\/wp-content\/uploads\/2025\/05\/campo-minado.png?resize=300%2C225&amp;ssl=1 300w, https:\/\/i0.wp.com\/trasatlantica.org\/wp-content\/uploads\/2025\/05\/campo-minado.png?resize=768%2C576&amp;ssl=1 768w, https:\/\/i0.wp.com\/trasatlantica.org\/wp-content\/uploads\/2025\/05\/campo-minado.png?resize=800%2C600&amp;ssl=1 800w, https:\/\/i0.wp.com\/trasatlantica.org\/wp-content\/uploads\/2025\/05\/campo-minado.png?resize=600%2C450&amp;ssl=1 600w, https:\/\/i0.wp.com\/trasatlantica.org\/wp-content\/uploads\/2025\/05\/campo-minado.png?resize=400%2C300&amp;ssl=1 400w, https:\/\/i0.wp.com\/trasatlantica.org\/wp-content\/uploads\/2025\/05\/campo-minado.png?resize=200%2C150&amp;ssl=1 200w, https:\/\/i0.wp.com\/trasatlantica.org\/wp-content\/uploads\/2025\/05\/campo-minado.png?resize=500%2C375&amp;ssl=1 500w\" sizes=\"(max-width: 1024px) 100vw, 1024px\" \/><span aria-hidden=\"true\" class=\"wp-block-cover__background has-background-dim\"><\/span><div class=\"wp-block-cover__inner-container is-layout-flow wp-block-cover-is-layout-flow\">\n<p class=\"has-text-align-center has-normal-font-size wp-block-paragraph\">Ahora lo s\u00e9 todo: jugar a ser invisibles no era un juego. Ninguna broma. Desaparec\u00edamos al instante con el solo fin de disolver nuestros temores y cambiar las amenazas por ser indestructibles. Un gesto inventado y las palabras perspicaces: \u00abAhora no me ves\u00bb. Atraves\u00e9 muros, acced\u00ed a intimidades, franque\u00e9 la opacidad de los cuerpos con exactitud, penetr\u00e9 en lo m\u00e1s inaccesible de los corazones rojos, profan\u00e9 el sagrado hogar de las dulces muchachas, hice de las mariposas sus b\u00fankeres. Y lo m\u00e1s importante: no permit\u00ed que nadie sobrepasase los l\u00edmites de la ternura, de la fragilidad, aquello por lo que \u00e9ramos inexpugnables, como si se tratase de un campo de minas a nuestro alrededor.<\/p>\n<\/div><\/div>\n\n\n\n<div class=\"wp-block-cover alignwide\"><img data-recalc-dims=\"1\" decoding=\"async\" width=\"1024\" height=\"768\" data-attachment-id=\"4587\" data-permalink=\"https:\/\/trasatlantica.org\/?attachment_id=4587\" data-orig-file=\"https:\/\/i0.wp.com\/trasatlantica.org\/wp-content\/uploads\/2025\/05\/red-ants-1.png?fit=1024%2C768&amp;ssl=1\" data-orig-size=\"1024,768\" data-comments-opened=\"0\" data-image-meta=\"{&quot;aperture&quot;:&quot;0&quot;,&quot;credit&quot;:&quot;&quot;,&quot;camera&quot;:&quot;&quot;,&quot;caption&quot;:&quot;&quot;,&quot;created_timestamp&quot;:&quot;0&quot;,&quot;copyright&quot;:&quot;&quot;,&quot;focal_length&quot;:&quot;0&quot;,&quot;iso&quot;:&quot;0&quot;,&quot;shutter_speed&quot;:&quot;0&quot;,&quot;title&quot;:&quot;&quot;,&quot;orientation&quot;:&quot;0&quot;}\" data-image-title=\"red-ants\" data-image-description=\"\" data-image-caption=\"\" data-large-file=\"https:\/\/i0.wp.com\/trasatlantica.org\/wp-content\/uploads\/2025\/05\/red-ants-1.png?fit=580%2C435&amp;ssl=1\" class=\"wp-block-cover__image-background wp-image-4587\" alt=\"\" src=\"https:\/\/i0.wp.com\/trasatlantica.org\/wp-content\/uploads\/2025\/05\/red-ants-1.png?resize=1024%2C768&#038;ssl=1\" style=\"object-position:49% 47%\" data-object-fit=\"cover\" data-object-position=\"49% 47%\" srcset=\"https:\/\/i0.wp.com\/trasatlantica.org\/wp-content\/uploads\/2025\/05\/red-ants-1.png?w=1024&amp;ssl=1 1024w, https:\/\/i0.wp.com\/trasatlantica.org\/wp-content\/uploads\/2025\/05\/red-ants-1.png?resize=300%2C225&amp;ssl=1 300w, https:\/\/i0.wp.com\/trasatlantica.org\/wp-content\/uploads\/2025\/05\/red-ants-1.png?resize=768%2C576&amp;ssl=1 768w, https:\/\/i0.wp.com\/trasatlantica.org\/wp-content\/uploads\/2025\/05\/red-ants-1.png?resize=800%2C600&amp;ssl=1 800w, https:\/\/i0.wp.com\/trasatlantica.org\/wp-content\/uploads\/2025\/05\/red-ants-1.png?resize=600%2C450&amp;ssl=1 600w, https:\/\/i0.wp.com\/trasatlantica.org\/wp-content\/uploads\/2025\/05\/red-ants-1.png?resize=400%2C300&amp;ssl=1 400w, https:\/\/i0.wp.com\/trasatlantica.org\/wp-content\/uploads\/2025\/05\/red-ants-1.png?resize=200%2C150&amp;ssl=1 200w, https:\/\/i0.wp.com\/trasatlantica.org\/wp-content\/uploads\/2025\/05\/red-ants-1.png?resize=500%2C375&amp;ssl=1 500w\" sizes=\"(max-width: 1024px) 100vw, 1024px\" \/><span aria-hidden=\"true\" class=\"wp-block-cover__background has-background-dim-60 has-background-dim\"><\/span><div class=\"wp-block-cover__inner-container is-layout-flow wp-block-cover-is-layout-flow\">\n<p class=\"has-text-align-center is-style-default has-background-color has-text-color has-link-color has-normal-font-size wp-elements-30f46561643adc0db47a43135a35ffe6 wp-block-paragraph\">Las hormigas rojas tampoco descansan. Si bien el estirar del gato dom\u00e9stico o el aleteo nervioso de la mariposa o el silencioso reptar de la serpiente o el vuelo nocturno de la lechuza podr\u00edan -si quisiesen- tambi\u00e9n alterar el orden natural del mundo. De su mundo descomunal y min\u00fasculo al tiempo. Deber\u00edamos estar atentos a esos gestos tan min\u00fasculos. Atesoran toda la verdad por abrazar.<\/p>\n<\/div><\/div>\n\n\n\n<div class=\"wp-block-group\"><div class=\"wp-block-group__inner-container is-layout-constrained wp-block-group-is-layout-constrained\">\n<div class=\"wp-block-nk-awb nk-awb alignfull has-dbdbdb-background-color has-background\"><div class=\"nk-awb-wrap\" style=\"background:#dbdbdb\" data-awb-type=\"image\" data-awb-parallax=\"scroll\" data-awb-parallax-speed=\"0.5\" data-awb-parallax-mobile=\"true\" data-awb-image-background-size=\"contain\" data-awb-image-background-position=\"50% 50%\"><div class=\"nk-awb-inner\" style=\"opacity: 0.36;\"><img data-recalc-dims=\"1\" decoding=\"async\" data-attachment-id=\"4599\" data-permalink=\"https:\/\/trasatlantica.org\/?attachment_id=4599\" data-orig-file=\"https:\/\/i0.wp.com\/trasatlantica.org\/wp-content\/uploads\/2025\/05\/2ple7zzsh74e1.jpg?fit=620%2C330&amp;ssl=1\" data-orig-size=\"620,330\" data-comments-opened=\"0\" data-image-meta=\"{&quot;aperture&quot;:&quot;0&quot;,&quot;credit&quot;:&quot;&quot;,&quot;camera&quot;:&quot;&quot;,&quot;caption&quot;:&quot;&quot;,&quot;created_timestamp&quot;:&quot;0&quot;,&quot;copyright&quot;:&quot;&quot;,&quot;focal_length&quot;:&quot;0&quot;,&quot;iso&quot;:&quot;0&quot;,&quot;shutter_speed&quot;:&quot;0&quot;,&quot;title&quot;:&quot;&quot;,&quot;orientation&quot;:&quot;0&quot;}\" data-image-title=\"2ple7zzsh74e1\" data-image-description=\"\" data-image-caption=\"\" data-large-file=\"https:\/\/i0.wp.com\/trasatlantica.org\/wp-content\/uploads\/2025\/05\/2ple7zzsh74e1.jpg?fit=580%2C309&amp;ssl=1\" src=\"https:\/\/i0.wp.com\/trasatlantica.org\/wp-content\/uploads\/2025\/05\/2ple7zzsh74e1.jpg?resize=620%2C330&#038;ssl=1\" class=\"wp-image-4599 jarallax-img\" width=\"620\" height=\"330\" srcset=\"https:\/\/i0.wp.com\/trasatlantica.org\/wp-content\/uploads\/2025\/05\/2ple7zzsh74e1.jpg?w=620&amp;ssl=1 620w, https:\/\/i0.wp.com\/trasatlantica.org\/wp-content\/uploads\/2025\/05\/2ple7zzsh74e1.jpg?resize=300%2C160&amp;ssl=1 300w, https:\/\/i0.wp.com\/trasatlantica.org\/wp-content\/uploads\/2025\/05\/2ple7zzsh74e1.jpg?resize=500%2C266&amp;ssl=1 500w\" sizes=\"(max-width: 620px) 100vw, 620px\" \/><\/div><\/div><div class=\"nk-awb-wrap-content is-layout-constrained wp-block-nk-awb-is-layout-constrained\">\n<p class=\"wp-block-paragraph\">McArthur Wheeler, a mediados de los noventa, en Pittsburgh, convencido de su invisibilidad, atrac\u00f3 dos bancos en pleno d\u00eda y a cara descubierta. Una vez apresado confes\u00f3 haberse untado la cara de zumo de lim\u00f3n para mostrarse incorp\u00f3reo ante los dem\u00e1s. Me fascina su resistencia heroica de ceder al hostigamiento moral de las leyes de los hombres a otros hombres. Sab\u00eda a la perfecci\u00f3n que para ser atracador de bancos basta con no dejar nunca de ser ni\u00f1o y confiar ciegamente en el efecto corrosivo del zumo de lim\u00f3n sobre la piel del escepticismo.<\/p>\n<\/div><\/div>\n<\/div><\/div>\n\n\n\n<p class=\"has-background-color has-primary-background-color has-text-color has-background has-link-color wp-elements-2b8806ff0a9f8fe42bb3cf9410796ee8 wp-block-paragraph\">Benito Pascual es poeta y profesor zamorano. Ha escrito las novelas <em>Un bosque dentro <\/em>(2018), <em>El \u00faltimo paisaje de Otis <\/em>(2016), y <em>Laponia ins\u00f3lita <\/em>(2014). Es autor del libro de microrrelatos <em>Icebergs <\/em>(2019), y los poemarios <em>Vientos dif\u00edciles <\/em>(2019), <em>Del agua al fuego <\/em>(2020), <em>Luces buscan sombras <\/em>(2021), <em>Existencial <\/em>(2023), <em>Ver lo invisible<\/em> (2024) y <em>En cada destrucci\u00f3n <\/em>(2025). Ha participado en antolog\u00edas y proyectos culturales y literarios como Antolog\u00eda po\u00e9tica del II Certamen de Poes\u00eda La huella de la palabra (2017) o la exposici\u00f3n El agua, esencia y belleza, de Jos\u00e9 A. Carre\u00f1o (2019). Fue director y organizador de PoetiZA, Festival Po\u00e9tico de Zamora (2022), y coordina el Club de Lectura Po\u00e9tica de la librer\u00eda Semuret desde 2023. Los poemas que se publican aqu\u00ed pertenecen a <em>Ver lo invisible <\/em>y <em>En cada destrucci\u00f3n. <\/em><\/p>\n<!-- PMB print buttons is only displayed on a single post\/page URLs-->","protected":false},"excerpt":{"rendered":"<p>Benito Pascual es poeta y profesor zamorano. Ha escrito las novelas Un bosque dentro (2018), El \u00faltimo paisaje de Otis (2016), y Laponia ins\u00f3lita (2014). Es autor del libro de microrrelatos Icebergs (2019), y los poemarios Vientos dif\u00edciles (2019), Del agua al fuego (2020), Luces buscan sombras (2021), Existencial (2023), Ver lo invisible (2024) y [&hellip;]<\/p>\n","protected":false},"author":33188029,"featured_media":0,"parent":0,"menu_order":0,"comment_status":"closed","ping_status":"closed","template":"","meta":{"_coblocks_attr":"","_coblocks_dimensions":"","_coblocks_responsive_height":"","_coblocks_accordion_ie_support":"","_crdt_document":"","advanced_seo_description":"","jetpack_seo_html_title":"","jetpack_seo_noindex":false,"footnotes":""},"class_list":["post-4200","page","type-page","status-publish","hentry"],"jetpack_likes_enabled":false,"jetpack_sharing_enabled":true,"jetpack_shortlink":"https:\/\/wp.me\/P2V8if-15K","jetpack-related-posts":[{"id":5777,"url":"https:\/\/trasatlantica.org\/?page_id=5777","url_meta":{"origin":4200,"position":0},"title":"Opinion\/Opini\u00f3n","author":"Soviet Cuba: Identities in Transition","date":"January 8, 2026","format":false,"excerpt":"Cultura: ant\u00eddoto contra la Espa\u00f1a vaciada, por Benito Pascual","rel":"","context":"Similar post","block_context":{"text":"Similar post","link":""},"img":{"alt_text":"","src":"","width":0,"height":0},"classes":[]},{"id":3861,"url":"https:\/\/trasatlantica.org\/?page_id=3861","url_meta":{"origin":4200,"position":1},"title":"Poetry","author":"Soviet Cuba: Identities in Transition","date":"May 24, 2025","format":false,"excerpt":"In this issue Coral Bracho Atilio Caballero Odette Alonso Benito Pascual Nohora Cardona Omar Chauvie Concha Pelayo Dairen Zamora Urayo\u00e1n Noel","rel":"","context":"Similar post","block_context":{"text":"Similar post","link":""},"img":{"alt_text":"","src":"","width":0,"height":0},"classes":[]},{"id":5763,"url":"https:\/\/trasatlantica.org\/?page_id=5763","url_meta":{"origin":4200,"position":2},"title":"Poetry\/Poes\u00eda","author":"Soviet Cuba: Identities in Transition","date":"January 8, 2026","format":false,"excerpt":"Newest additions\/\u00daltimas adiciones Aleyda Quevedo Rojas Alfredo Alonso Estenoz Alicia Llarena Gonz\u00e1lez Ana Merino Antonio Colinas Bruno R\u00edos Coral Bracho Francisco Layna Ranz Hern\u00e1n Bravo Varela Jorge Saucedo Julio Marinas Odette Alonso Olga Mu\u00f1oz Carrasco Tambi\u00e9n\/Also Angela AcostaAtilio CaballeroB\u00e1rbara Escobar AnleuBenito PascualDaniel S\u00e1nchez LanderosDairen ZamoraDiego MoraEduardo Rodr\u00edguez Mart\u00ednezGustavo Ruiz PascacioIrina\u2026","rel":"","context":"Similar post","block_context":{"text":"Similar post","link":""},"img":{"alt_text":"","src":"https:\/\/i0.wp.com\/trasatlantica.org\/wp-content\/uploads\/2024\/09\/barbwire.jpg?resize=350%2C200&ssl=1","width":350,"height":200,"srcset":"https:\/\/i0.wp.com\/trasatlantica.org\/wp-content\/uploads\/2024\/09\/barbwire.jpg?resize=350%2C200&ssl=1 1x, https:\/\/i0.wp.com\/trasatlantica.org\/wp-content\/uploads\/2024\/09\/barbwire.jpg?resize=525%2C300&ssl=1 1.5x, https:\/\/i0.wp.com\/trasatlantica.org\/wp-content\/uploads\/2024\/09\/barbwire.jpg?resize=700%2C400&ssl=1 2x, https:\/\/i0.wp.com\/trasatlantica.org\/wp-content\/uploads\/2024\/09\/barbwire.jpg?resize=1050%2C600&ssl=1 3x, https:\/\/i0.wp.com\/trasatlantica.org\/wp-content\/uploads\/2024\/09\/barbwire.jpg?resize=1400%2C800&ssl=1 4x"},"classes":[]},{"id":870,"url":"https:\/\/trasatlantica.org\/?page_id=870","url_meta":{"origin":4200,"position":3},"title":"REVIEWS","author":"Soviet Cuba: Identities in Transition","date":"September 15, 2024","format":false,"excerpt":"Campamento1, de Irina Garbatzky Por Paula Galansky Es muy dif\u00edcil saber, exactamente, qu\u00e9 es lo que hace nacer a un libro \u00bfEs una imagen? es una cadencia? \u00bfEs un recuerdo? es un deseo inexacto, insistente? \u00bfEs la acumulaci\u00f3n de textos sueltos que una va juntando? \u00bfEs un recorte en el\u2026","rel":"","context":"Similar post","block_context":{"text":"Similar post","link":""},"img":{"alt_text":"","src":"https:\/\/i0.wp.com\/trasatlantica.org\/wp-content\/uploads\/2024\/10\/Irina.png?resize=350%2C200&ssl=1","width":350,"height":200,"srcset":"https:\/\/i0.wp.com\/trasatlantica.org\/wp-content\/uploads\/2024\/10\/Irina.png?resize=350%2C200&ssl=1 1x, https:\/\/i0.wp.com\/trasatlantica.org\/wp-content\/uploads\/2024\/10\/Irina.png?resize=525%2C300&ssl=1 1.5x, https:\/\/i0.wp.com\/trasatlantica.org\/wp-content\/uploads\/2024\/10\/Irina.png?resize=700%2C400&ssl=1 2x"},"classes":[]},{"id":6753,"url":"https:\/\/trasatlantica.org\/?page_id=6753","url_meta":{"origin":4200,"position":4},"title":"Julio Marinas","author":"Soviet Cuba: Identities in Transition","date":"February 1, 2026","format":false,"excerpt":"ATL\u00c1NTICA 1 Atl\u00e1ntico, la edadde tu brisa se impregnaen el centro del pecho.Respiro lejan\u00eda.El tiempo de tus aguasme entrega halos de eterna juventudy contengo tu oc\u00e9anohasta que se derrumban mis pulmonesy regresas al viaje de tus vientos,mientras yo vuelvo al asma de mi piel,de la arena, del polvo. ATL\u00c1NTICA 2\u2026","rel":"","context":"Similar post","block_context":{"text":"Similar post","link":""},"img":{"alt_text":"","src":"https:\/\/i0.wp.com\/trasatlantica.org\/wp-content\/uploads\/2026\/02\/Unknown-2.jpeg?resize=350%2C200&ssl=1","width":350,"height":200},"classes":[]},{"id":6029,"url":"https:\/\/trasatlantica.org\/?page_id=6029","url_meta":{"origin":4200,"position":5},"title":"Alicia Llarena Gonz\u00e1lez","author":"Soviet Cuba: Identities in Transition","date":"January 17, 2026","format":false,"excerpt":"DESNUTRICI\u00d3N He amamantado pueblos de calzadas llameantesy negado con mis actos de amor cualquier prejuiciosobre la primitiva crudeza de las fieras. Mis pezones son dignos de alabanza,y mi leche ha fecundadola m\u00e1s hermosa imagen del instinto:hembra que alimenta sin conciencia de s\u00ed. As\u00ed me imaginaron llena de ubres encrespadas;y atentas,\u2026","rel":"","context":"Similar post","block_context":{"text":"Similar post","link":""},"img":{"alt_text":"","src":"https:\/\/i0.wp.com\/trasatlantica.org\/wp-content\/uploads\/2026\/01\/dark-night.png?resize=350%2C200&ssl=1","width":350,"height":200,"srcset":"https:\/\/i0.wp.com\/trasatlantica.org\/wp-content\/uploads\/2026\/01\/dark-night.png?resize=350%2C200&ssl=1 1x, https:\/\/i0.wp.com\/trasatlantica.org\/wp-content\/uploads\/2026\/01\/dark-night.png?resize=525%2C300&ssl=1 1.5x, https:\/\/i0.wp.com\/trasatlantica.org\/wp-content\/uploads\/2026\/01\/dark-night.png?resize=700%2C400&ssl=1 2x"},"classes":[]}],"_links":{"self":[{"href":"https:\/\/trasatlantica.org\/index.php?rest_route=\/wp\/v2\/pages\/4200","targetHints":{"allow":["GET"]}}],"collection":[{"href":"https:\/\/trasatlantica.org\/index.php?rest_route=\/wp\/v2\/pages"}],"about":[{"href":"https:\/\/trasatlantica.org\/index.php?rest_route=\/wp\/v2\/types\/page"}],"author":[{"embeddable":true,"href":"https:\/\/trasatlantica.org\/index.php?rest_route=\/wp\/v2\/users\/33188029"}],"replies":[{"embeddable":true,"href":"https:\/\/trasatlantica.org\/index.php?rest_route=%2Fwp%2Fv2%2Fcomments&post=4200"}],"version-history":[{"count":39,"href":"https:\/\/trasatlantica.org\/index.php?rest_route=\/wp\/v2\/pages\/4200\/revisions"}],"predecessor-version":[{"id":4618,"href":"https:\/\/trasatlantica.org\/index.php?rest_route=\/wp\/v2\/pages\/4200\/revisions\/4618"}],"wp:attachment":[{"href":"https:\/\/trasatlantica.org\/index.php?rest_route=%2Fwp%2Fv2%2Fmedia&parent=4200"}],"curies":[{"name":"wp","href":"https:\/\/api.w.org\/{rel}","templated":true}]}}