{"id":442,"date":"2024-08-25T17:27:41","date_gmt":"2024-08-25T21:27:41","guid":{"rendered":"https:\/\/trasatlantica.org\/?page_id=442"},"modified":"2026-01-22T18:20:20","modified_gmt":"2026-01-22T23:20:20","slug":"pablo-g-lleonart","status":"publish","type":"page","link":"https:\/\/trasatlantica.org\/?page_id=442","title":{"rendered":"Pablo G. Lleonart"},"content":{"rendered":"\n<figure class=\"wp-block-image alignwide size-full\"><a href=\"https:\/\/i0.wp.com\/trasatlantica.org\/wp-content\/uploads\/2024\/09\/PHOTO-2024-09-15-06-42-48-e1729538614781.jpg?ssl=1\"><img data-recalc-dims=\"1\" decoding=\"async\" width=\"1220\" height=\"829\" data-attachment-id=\"1120\" data-permalink=\"https:\/\/trasatlantica.org\/?attachment_id=1120\" data-orig-file=\"https:\/\/i0.wp.com\/trasatlantica.org\/wp-content\/uploads\/2024\/09\/PHOTO-2024-09-15-06-42-48-e1729538614781.jpg?fit=1220%2C829&amp;ssl=1\" data-orig-size=\"1220,829\" data-comments-opened=\"1\" data-image-meta=\"{&quot;aperture&quot;:&quot;0&quot;,&quot;credit&quot;:&quot;&quot;,&quot;camera&quot;:&quot;&quot;,&quot;caption&quot;:&quot;&quot;,&quot;created_timestamp&quot;:&quot;0&quot;,&quot;copyright&quot;:&quot;&quot;,&quot;focal_length&quot;:&quot;0&quot;,&quot;iso&quot;:&quot;0&quot;,&quot;shutter_speed&quot;:&quot;0&quot;,&quot;title&quot;:&quot;&quot;,&quot;orientation&quot;:&quot;0&quot;}\" data-image-title=\"PHOTO-2024-09-15-06-42-48\" data-image-description=\"\" data-image-caption=\"\" data-large-file=\"https:\/\/i0.wp.com\/trasatlantica.org\/wp-content\/uploads\/2024\/09\/PHOTO-2024-09-15-06-42-48-e1729538614781.jpg?fit=580%2C394&amp;ssl=1\" src=\"https:\/\/i0.wp.com\/trasatlantica.org\/wp-content\/uploads\/2024\/09\/PHOTO-2024-09-15-06-42-48-e1729538614781.jpg?resize=1220%2C829&#038;ssl=1\" alt=\"\" class=\"wp-image-1120\" srcset=\"https:\/\/i0.wp.com\/trasatlantica.org\/wp-content\/uploads\/2024\/09\/PHOTO-2024-09-15-06-42-48-e1729538614781.jpg?w=1220&amp;ssl=1 1220w, https:\/\/i0.wp.com\/trasatlantica.org\/wp-content\/uploads\/2024\/09\/PHOTO-2024-09-15-06-42-48-e1729538614781.jpg?resize=300%2C204&amp;ssl=1 300w, https:\/\/i0.wp.com\/trasatlantica.org\/wp-content\/uploads\/2024\/09\/PHOTO-2024-09-15-06-42-48-e1729538614781.jpg?resize=1024%2C696&amp;ssl=1 1024w, https:\/\/i0.wp.com\/trasatlantica.org\/wp-content\/uploads\/2024\/09\/PHOTO-2024-09-15-06-42-48-e1729538614781.jpg?resize=768%2C522&amp;ssl=1 768w, https:\/\/i0.wp.com\/trasatlantica.org\/wp-content\/uploads\/2024\/09\/PHOTO-2024-09-15-06-42-48-e1729538614781.jpg?resize=1200%2C815&amp;ssl=1 1200w, https:\/\/i0.wp.com\/trasatlantica.org\/wp-content\/uploads\/2024\/09\/PHOTO-2024-09-15-06-42-48-e1729538614781.jpg?resize=500%2C340&amp;ssl=1 500w, https:\/\/i0.wp.com\/trasatlantica.org\/wp-content\/uploads\/2024\/09\/PHOTO-2024-09-15-06-42-48-e1729538614781.jpg?resize=800%2C544&amp;ssl=1 800w\" sizes=\"(max-width: 1220px) 100vw, 1220px\" \/><\/a><\/figure>\n\n\n\n<div class=\"wp-block-cover\"><span aria-hidden=\"true\" class=\"wp-block-cover__background has-background-dim\"><\/span><img data-recalc-dims=\"1\" decoding=\"async\" width=\"794\" height=\"1024\" data-attachment-id=\"1277\" data-permalink=\"https:\/\/trasatlantica.org\/?attachment_id=1277\" data-orig-file=\"https:\/\/i0.wp.com\/trasatlantica.org\/wp-content\/uploads\/2024\/09\/barbwire-1.jpg?fit=2503%2C3230&amp;ssl=1\" data-orig-size=\"2503,3230\" data-comments-opened=\"1\" data-image-meta=\"{&quot;aperture&quot;:&quot;0&quot;,&quot;credit&quot;:&quot;&quot;,&quot;camera&quot;:&quot;&quot;,&quot;caption&quot;:&quot;&quot;,&quot;created_timestamp&quot;:&quot;0&quot;,&quot;copyright&quot;:&quot;&quot;,&quot;focal_length&quot;:&quot;0&quot;,&quot;iso&quot;:&quot;0&quot;,&quot;shutter_speed&quot;:&quot;0&quot;,&quot;title&quot;:&quot;&quot;,&quot;orientation&quot;:&quot;0&quot;}\" data-image-title=\"barbwire\" data-image-description=\"\" data-image-caption=\"\" data-large-file=\"https:\/\/i0.wp.com\/trasatlantica.org\/wp-content\/uploads\/2024\/09\/barbwire-1.jpg?fit=580%2C748&amp;ssl=1\" class=\"wp-block-cover__image-background wp-image-1277\" alt=\"\" src=\"https:\/\/i0.wp.com\/trasatlantica.org\/wp-content\/uploads\/2024\/09\/barbwire-1.jpg?resize=794%2C1024&#038;ssl=1\" data-object-fit=\"cover\" srcset=\"https:\/\/i0.wp.com\/trasatlantica.org\/wp-content\/uploads\/2024\/09\/barbwire-1.jpg?resize=794%2C1024&amp;ssl=1 794w, https:\/\/i0.wp.com\/trasatlantica.org\/wp-content\/uploads\/2024\/09\/barbwire-1.jpg?resize=232%2C300&amp;ssl=1 232w, https:\/\/i0.wp.com\/trasatlantica.org\/wp-content\/uploads\/2024\/09\/barbwire-1.jpg?resize=768%2C991&amp;ssl=1 768w, https:\/\/i0.wp.com\/trasatlantica.org\/wp-content\/uploads\/2024\/09\/barbwire-1.jpg?resize=1190%2C1536&amp;ssl=1 1190w, https:\/\/i0.wp.com\/trasatlantica.org\/wp-content\/uploads\/2024\/09\/barbwire-1.jpg?resize=1587%2C2048&amp;ssl=1 1587w, https:\/\/i0.wp.com\/trasatlantica.org\/wp-content\/uploads\/2024\/09\/barbwire-1.jpg?resize=1200%2C1549&amp;ssl=1 1200w, https:\/\/i0.wp.com\/trasatlantica.org\/wp-content\/uploads\/2024\/09\/barbwire-1.jpg?resize=1980%2C2555&amp;ssl=1 1980w\" sizes=\"(max-width: 794px) 100vw, 794px\" \/><div class=\"wp-block-cover__inner-container is-layout-flow wp-block-cover-is-layout-flow\">\n<p class=\"has-text-align-left has-small-font-size wp-block-paragraph\"><strong><em>Praxis&nbsp;<\/em><\/strong><\/p>\n\n\n\n<p class=\"has-small-font-size wp-block-paragraph\">Un poema antes de ser poema&nbsp;<\/p>\n\n\n\n<p class=\"has-small-font-size wp-block-paragraph\">debe matricular en la universidad de Alabama&nbsp;<\/p>\n\n\n\n<p class=\"has-small-font-size wp-block-paragraph\">-una ma\u00f1ana del 12 de junio de 1963 &#8211;<\/p>\n\n\n\n<p class=\"has-small-font-size wp-block-paragraph\">el mismo d\u00eda en que matricul\u00f3&nbsp;<\/p>\n\n\n\n<p class=\"has-small-font-size wp-block-paragraph\">Vivian Malone Jones&nbsp;<\/p>\n\n\n\n<p class=\"has-small-font-size wp-block-paragraph\">Un poema antes de ser poema&nbsp;<\/p>\n\n\n\n<p class=\"has-small-font-size wp-block-paragraph\">debe resistir los insultos del gobernador de turno&nbsp;<\/p>\n\n\n\n<p class=\"has-small-font-size wp-block-paragraph\">igual que lo hizo Vivian Malone Jones&nbsp;<\/p>\n\n\n\n<p class=\"has-small-font-size wp-block-paragraph\">Un poema antes de ser poema&nbsp;<\/p>\n\n\n\n<p class=\"has-small-font-size wp-block-paragraph\">debe esperar la sentencia de la Corte Suprema&nbsp;<\/p>\n\n\n\n<p class=\"has-small-font-size wp-block-paragraph\">parra poder asistir a las aulas&nbsp;<\/p>\n\n\n\n<p class=\"has-small-font-size wp-block-paragraph\">igual que tuvo que esperar Vivian Malone Jones&nbsp;&nbsp;<\/p>\n\n\n\n<p class=\"has-small-font-size wp-block-paragraph\">Un poema antes de ser poema&nbsp;<\/p>\n\n\n\n<p class=\"has-small-font-size wp-block-paragraph\">debe ser escoltado por la Guardia Nacional&nbsp;&nbsp;<\/p>\n\n\n\n<p class=\"has-small-font-size wp-block-paragraph\">y sentir el crujir de las botas militares&nbsp;<\/p>\n\n\n\n<p class=\"has-small-font-size wp-block-paragraph\">en el interior de sus versos&nbsp;<\/p>\n\n\n\n<p class=\"has-small-font-size wp-block-paragraph\">igual que lo sinti\u00f3 en su cuerpo Vivian Malone Jones&nbsp;<\/p>\n\n\n\n<p class=\"has-small-font-size wp-block-paragraph\">Un poema antes de ser poema&nbsp;<\/p>\n\n\n\n<p class=\"has-small-font-size wp-block-paragraph\">debe conocer la soledad&nbsp;<\/p>\n\n\n\n<p class=\"has-small-font-size wp-block-paragraph\">rodeado de personas&nbsp;<\/p>\n\n\n\n<p class=\"has-small-font-size wp-block-paragraph\">igual que la conoci\u00f3 Vivian Malone Jones&nbsp;&nbsp;&nbsp;&nbsp;&nbsp;&nbsp;<\/p>\n\n\n\n<p class=\"has-small-font-size wp-block-paragraph\">durante setecientos cincuenta d\u00edas consecutivos&nbsp;<\/p>\n\n\n\n<p class=\"has-small-font-size wp-block-paragraph\">Un poema antes de ser poema debe aprender que&nbsp;<\/p>\n\n\n\n<p class=\"has-small-font-size wp-block-paragraph\">-la poes\u00eda es la teor\u00eda de la vida-<\/p>\n\n\n\n<p class=\"has-small-font-size wp-block-paragraph\">como sentenci\u00f3 el abogado W. Stevens&nbsp;<\/p>\n\n\n\n<p class=\"has-small-font-size wp-block-paragraph\">Un poema antes de ser poema&nbsp;<\/p>\n\n\n\n<p class=\"has-small-font-size wp-block-paragraph\">debe poner en pr\u00e1ctica la lecci\u00f3n aprendida.<\/p>\n<\/div><\/div>\n\n\n\n<p class=\"wp-block-paragraph\"><\/p>\n\n\n\n<div class=\"wp-block-cover alignfull\" style=\"min-height:546px;aspect-ratio:unset;\"><span aria-hidden=\"true\" class=\"wp-block-cover__background has-background-dim\"><\/span><img data-recalc-dims=\"1\" decoding=\"async\" width=\"1024\" height=\"768\" data-attachment-id=\"1130\" data-permalink=\"https:\/\/trasatlantica.org\/?attachment_id=1130\" data-orig-file=\"https:\/\/i0.wp.com\/trasatlantica.org\/wp-content\/uploads\/2024\/09\/bohemian-shoes-3.png?fit=1024%2C768&amp;ssl=1\" data-orig-size=\"1024,768\" data-comments-opened=\"1\" data-image-meta=\"{&quot;aperture&quot;:&quot;0&quot;,&quot;credit&quot;:&quot;&quot;,&quot;camera&quot;:&quot;&quot;,&quot;caption&quot;:&quot;&quot;,&quot;created_timestamp&quot;:&quot;0&quot;,&quot;copyright&quot;:&quot;&quot;,&quot;focal_length&quot;:&quot;0&quot;,&quot;iso&quot;:&quot;0&quot;,&quot;shutter_speed&quot;:&quot;0&quot;,&quot;title&quot;:&quot;&quot;,&quot;orientation&quot;:&quot;0&quot;}\" data-image-title=\"bohemian-shoes\" data-image-description=\"\" data-image-caption=\"\" data-large-file=\"https:\/\/i0.wp.com\/trasatlantica.org\/wp-content\/uploads\/2024\/09\/bohemian-shoes-3.png?fit=580%2C435&amp;ssl=1\" class=\"wp-block-cover__image-background wp-image-1130\" alt=\"\" src=\"https:\/\/i0.wp.com\/trasatlantica.org\/wp-content\/uploads\/2024\/09\/bohemian-shoes-3.png?resize=1024%2C768&#038;ssl=1\" data-object-fit=\"cover\" srcset=\"https:\/\/i0.wp.com\/trasatlantica.org\/wp-content\/uploads\/2024\/09\/bohemian-shoes-3.png?w=1024&amp;ssl=1 1024w, https:\/\/i0.wp.com\/trasatlantica.org\/wp-content\/uploads\/2024\/09\/bohemian-shoes-3.png?resize=300%2C225&amp;ssl=1 300w, https:\/\/i0.wp.com\/trasatlantica.org\/wp-content\/uploads\/2024\/09\/bohemian-shoes-3.png?resize=768%2C576&amp;ssl=1 768w, https:\/\/i0.wp.com\/trasatlantica.org\/wp-content\/uploads\/2024\/09\/bohemian-shoes-3.png?resize=800%2C600&amp;ssl=1 800w, https:\/\/i0.wp.com\/trasatlantica.org\/wp-content\/uploads\/2024\/09\/bohemian-shoes-3.png?resize=600%2C450&amp;ssl=1 600w, https:\/\/i0.wp.com\/trasatlantica.org\/wp-content\/uploads\/2024\/09\/bohemian-shoes-3.png?resize=400%2C300&amp;ssl=1 400w, https:\/\/i0.wp.com\/trasatlantica.org\/wp-content\/uploads\/2024\/09\/bohemian-shoes-3.png?resize=200%2C150&amp;ssl=1 200w\" sizes=\"(max-width: 1024px) 100vw, 1024px\" \/><div class=\"wp-block-cover__inner-container is-layout-flow wp-block-cover-is-layout-flow\">\n<p class=\"has-text-align-center has-large-font-size wp-block-paragraph\"><strong><em>zapatos&nbsp;<\/em><\/strong><br><\/p>\n\n\n\n<p class=\"has-small-font-size wp-block-paragraph\"><mark style=\"background-color:rgba(0, 0, 0, 0);color:#f9f9f9\" class=\"has-inline-color\">los zapatos nunca se sienten solos van en pares y hacia delante impulsan al hombre. un zapato en una esquina del cuarto y otro en la habitaci\u00f3n contigua se saben unidos a la ma\u00f1ana siguiente. esa historia del hilo rojo que une a las personas en realidad solo funciona con los cordones de los zapatos&nbsp;<\/mark><br><\/p>\n\n\n\n<p class=\"has-small-font-size wp-block-paragraph\"><mark style=\"background-color:rgba(0, 0, 0, 0);color:#faf6f6\" class=\"has-inline-color\">los zapatos nunca est\u00e1n solos no porque tengan a los pies sino porque tienen al pavimento. Joseph Brodsky que calzaba un 42 europeo y un 8 americano aprendi\u00f3 de sus zapatos que nunca pisaban dos veces el mismo asfalto.&nbsp; y quiz\u00e1s esa es toda la soledad que puede sentir un par de zapatos. el no volver sobre sus pasos<br><\/mark><\/p>\n\n\n\n<p class=\"has-small-font-size wp-block-paragraph\"><mark style=\"background-color:rgba(0, 0, 0, 0);color:#f7f7f7\" class=\"has-inline-color\">a los gitanos los entierran descalzos y es humillante porque a un hombre nunca&nbsp;le puedes arrebatar sus zapatos. arrebatarle a un hombre sus zapatos equivale&nbsp;a quitarle su historia o mejor dicho el polvo de su historia&nbsp;<\/mark><\/p>\n\n\n\n<p class=\"has-small-font-size wp-block-paragraph\"><br><mark style=\"background-color:rgba(0, 0, 0, 0);color:#f7f4f4\" class=\"has-inline-color\">las zapater\u00edas son forjadoras de caminos nadie conoce el camino de la vida hasta que no se enamora de un par de zapatos. dicen que quien aguanta una piedra en el zapato resiste cualquier cosa. por orgullo muchos se han detenido a quitarse los zapatos para botar las piedras que le hincan los callos. y por orgullo muchos tambi\u00e9n han dejado abandonado sus zapatos<\/mark><br><\/p>\n\n\n\n<p class=\"has-text-align-center has-small-font-size wp-block-paragraph\">un poema se mide por la longitud de sus pasos lo que equivale a que un poema usa buenos zapatos. los mejores zapatos para correr la marat\u00f3n son los usados por Eliud Kipchoge. el poeta cuando se sienta a escribir debe calzar los zapatos de un corredor de marat\u00f3n&nbsp;<\/p>\n<\/div><\/div>\n\n\n\n<div class=\"wp-block-cover alignfull\"><span aria-hidden=\"true\" class=\"wp-block-cover__background has-background-dim\"><\/span><img data-recalc-dims=\"1\" decoding=\"async\" width=\"1024\" height=\"768\" data-attachment-id=\"1134\" data-permalink=\"https:\/\/trasatlantica.org\/?attachment_id=1134\" data-orig-file=\"https:\/\/i0.wp.com\/trasatlantica.org\/wp-content\/uploads\/2024\/09\/destroyed-house.png?fit=1024%2C768&amp;ssl=1\" data-orig-size=\"1024,768\" data-comments-opened=\"1\" data-image-meta=\"{&quot;aperture&quot;:&quot;0&quot;,&quot;credit&quot;:&quot;&quot;,&quot;camera&quot;:&quot;&quot;,&quot;caption&quot;:&quot;&quot;,&quot;created_timestamp&quot;:&quot;0&quot;,&quot;copyright&quot;:&quot;&quot;,&quot;focal_length&quot;:&quot;0&quot;,&quot;iso&quot;:&quot;0&quot;,&quot;shutter_speed&quot;:&quot;0&quot;,&quot;title&quot;:&quot;&quot;,&quot;orientation&quot;:&quot;0&quot;}\" data-image-title=\"destroyed-house\" data-image-description=\"\" data-image-caption=\"\" data-large-file=\"https:\/\/i0.wp.com\/trasatlantica.org\/wp-content\/uploads\/2024\/09\/destroyed-house.png?fit=580%2C435&amp;ssl=1\" class=\"wp-block-cover__image-background wp-image-1134\" alt=\"\" src=\"https:\/\/i0.wp.com\/trasatlantica.org\/wp-content\/uploads\/2024\/09\/destroyed-house.png?resize=1024%2C768&#038;ssl=1\" style=\"object-position:81% 84%\" data-object-fit=\"cover\" data-object-position=\"81% 84%\" srcset=\"https:\/\/i0.wp.com\/trasatlantica.org\/wp-content\/uploads\/2024\/09\/destroyed-house.png?w=1024&amp;ssl=1 1024w, https:\/\/i0.wp.com\/trasatlantica.org\/wp-content\/uploads\/2024\/09\/destroyed-house.png?resize=300%2C225&amp;ssl=1 300w, https:\/\/i0.wp.com\/trasatlantica.org\/wp-content\/uploads\/2024\/09\/destroyed-house.png?resize=768%2C576&amp;ssl=1 768w, https:\/\/i0.wp.com\/trasatlantica.org\/wp-content\/uploads\/2024\/09\/destroyed-house.png?resize=800%2C600&amp;ssl=1 800w, https:\/\/i0.wp.com\/trasatlantica.org\/wp-content\/uploads\/2024\/09\/destroyed-house.png?resize=600%2C450&amp;ssl=1 600w, https:\/\/i0.wp.com\/trasatlantica.org\/wp-content\/uploads\/2024\/09\/destroyed-house.png?resize=400%2C300&amp;ssl=1 400w, https:\/\/i0.wp.com\/trasatlantica.org\/wp-content\/uploads\/2024\/09\/destroyed-house.png?resize=200%2C150&amp;ssl=1 200w\" sizes=\"(max-width: 1024px) 100vw, 1024px\" \/><div class=\"wp-block-cover__inner-container is-layout-flow wp-block-cover-is-layout-flow\">\n<p class=\"has-text-align-center has-small-font-size wp-block-paragraph\"><strong><em>el problema de la vivienda&nbsp;<\/em><\/strong><br>\ufeff<\/p>\n\n\n\n<p class=\"has-small-font-size wp-block-paragraph\" id=\"block-25ef6bc8-8483-4a81-b05a-ab7552cad06e\">la verdad es que en ning\u00fan poema deben anidar las aves<\/p>\n\n\n\n<p class=\"has-small-font-size wp-block-paragraph\" id=\"block-bf653b66-5c86-470d-92d9-3933f088d0cf\">al menos que sea un poema- \u00e1rbol&nbsp;<\/p>\n\n\n\n<p class=\"has-small-font-size wp-block-paragraph\" id=\"block-2913f08c-40f1-4217-8221-800cec99bb7c\"><\/p>\n\n\n\n<p class=\"has-small-font-size wp-block-paragraph\" id=\"block-d1d52660-1f05-43b8-a6e9-90d62705e1d5\">yo sembr\u00e9 hace a\u00f1os una semilla &#8211; verso&nbsp;<\/p>\n\n\n\n<p class=\"has-small-font-size wp-block-paragraph\" id=\"block-45818ea5-bc1c-4dde-bd15-7e60a5cb4b39\">lo hice en el mes de enero&nbsp;<\/p>\n\n\n\n<p class=\"has-small-font-size wp-block-paragraph\" id=\"block-8d567875-8508-49e4-bad4-7f37b9715d13\">como lo hacen los mirlos machos de la subespecie<\/p>\n\n\n\n<p class=\"has-small-font-size wp-block-paragraph\" id=\"block-2b9aaf58-48b9-4281-ac22-6a2aa81a72a9\">&#8211;<em>turdus merula merula-<\/em><\/p>\n\n\n\n<p class=\"has-small-font-size wp-block-paragraph\" id=\"block-f1054b11-2dbb-451f-98f8-27556163f8c6\">con el fin de establecer un territorio<\/p>\n\n\n\n<p class=\"has-small-font-size wp-block-paragraph\" id=\"block-9cc8fa51-9d61-41dc-bac3-b54281082138\"><\/p>\n\n\n\n<p class=\"has-small-font-size wp-block-paragraph\" id=\"block-bb6dbf9b-12b8-4fa0-960d-8b578b6a681e\">el mirlo que hay en m\u00ed comenz\u00f3 a cantar en cada amanecer<\/p>\n\n\n\n<p class=\"has-small-font-size wp-block-paragraph\" id=\"block-a5b133ef-9a33-4f2d-8554-c60717093509\">por aquella misteriosa raz\u00f3n de que los cantos a primera hora<\/p>\n\n\n\n<p class=\"has-small-font-size wp-block-paragraph\" id=\"block-26353758-25b6-4af5-a2dc-07ca413e62df\">de la ma\u00f1ana suenan m\u00e1s fuertes<\/p>\n\n\n\n<p class=\"has-small-font-size wp-block-paragraph\" id=\"block-eae6240d-dc4c-4c73-964d-038a6f56ee02\"><\/p>\n\n\n\n<p class=\"has-small-font-size wp-block-paragraph\" id=\"block-fbe9c21f-ce0d-4e18-a352-d01cad8856b6\">desde entonces crece un ave en mi poema-\u00e1rbol&nbsp;<\/p>\n\n\n\n<p class=\"has-small-font-size wp-block-paragraph\" id=\"block-30d8203d-7212-434f-b5df-8d4ce78595ac\">que aprende a volar entre los abismos hemistiquios de las ramas<\/p>\n\n\n\n<p class=\"has-small-font-size wp-block-paragraph\" id=\"block-786e1266-3f44-4d09-befb-81946df8be42\"><\/p>\n\n\n\n<p class=\"has-small-font-size wp-block-paragraph\" id=\"block-09cd68ed-cb81-471a-ab9c-4a65e5f06393\">la verdad es que a los pol\u00edticos les molesta el s\u00edmbolo del vuelo&nbsp;<\/p>\n\n\n\n<p class=\"has-small-font-size wp-block-paragraph\" id=\"block-946bf68c-00af-4e67-b069-bf9fbaf268a3\">a pesar de que todas las patrias tienen un ave nacional<\/p>\n\n\n\n<p class=\"has-small-font-size wp-block-paragraph\" id=\"block-5624f569-19ff-44ee-9385-e0e1531ce04c\"><\/p>\n\n\n\n<p class=\"has-small-font-size wp-block-paragraph\" id=\"block-5ccb59c4-df66-4560-af0d-747ce67fd83f\">cuando sembr\u00e9 mi primera semilla-verso<\/p>\n\n\n\n<p class=\"has-small-font-size wp-block-paragraph\" id=\"block-7e71d4cc-ae3d-45c5-ae71-5edd90c85089\">mi padre me alert\u00f3 que los ornit\u00f3logos&nbsp;<\/p>\n\n\n\n<p class=\"has-small-font-size wp-block-paragraph\" id=\"block-a93d7633-4747-415c-ab97-78e863d016bb\">aprenden de las aves el arte de la paciencia&nbsp;<\/p>\n\n\n\n<p class=\"has-small-font-size wp-block-paragraph\" id=\"block-bd945df5-fcc5-4e9d-b48a-ca16c1e90f27\"><\/p>\n\n\n\n<p class=\"has-small-font-size wp-block-paragraph\" id=\"block-8e7e9ace-7c88-4a74-8846-0767dbc14dbe\">-me dijo-<\/p>\n\n\n\n<p class=\"has-small-font-size wp-block-paragraph\" id=\"block-1c2d9fc8-0d0e-4916-9b87-993d81dbf347\">pueden pasarse horas escondidos para lograr el hallazgo&nbsp;<\/p>\n\n\n\n<p class=\"has-small-font-size wp-block-paragraph\" id=\"block-e0b7e472-1698-4a0a-8b37-6938e330762e\"><\/p>\n\n\n\n<p class=\"has-small-font-size wp-block-paragraph\" id=\"block-c07d42a7-c4a1-4a03-9e52-fe29a51a0395\">por eso debemos tenerles miedo a sus ojos&nbsp;<\/p>\n\n\n\n<p class=\"has-small-font-size wp-block-paragraph\" id=\"block-25d0a273-7c26-420a-89d6-7ba8f0a1ca06\">que aparentan dos, pero son m\u00e1s<\/p>\n\n\n\n<p class=\"has-small-font-size wp-block-paragraph\" id=\"block-488a2609-c5a0-43f2-8f26-a829cdd7895b\"><\/p>\n\n\n\n<p class=\"has-small-font-size wp-block-paragraph\" id=\"block-776f4d16-8083-4a18-9145-89037fbdeb57\">descubrir un ave en un poema-\u00e1rbol&nbsp;<\/p>\n\n\n\n<p class=\"has-small-font-size wp-block-paragraph\" id=\"block-6b20257c-572f-4714-a9fa-e012d7014d7c\">puede tardar 4755 versos&nbsp;<\/p>\n\n\n\n<p class=\"has-small-font-size wp-block-paragraph\" id=\"block-b3f8be68-b80d-4621-9e5a-3319a16d096d\">lo mismo que tard\u00f3 Dante en recorrer el Purgatorio&nbsp;<\/p>\n\n\n\n<p class=\"has-small-font-size wp-block-paragraph\" id=\"block-3907df62-c7e2-48b3-9905-d5a5cf861471\"><\/p>\n\n\n\n<p class=\"has-small-font-size wp-block-paragraph\" id=\"block-6fc2abe3-c862-4293-8ca3-5f0cba53e15a\">por eso el mirlo que hay en m\u00ed tampoco pierde tiempo<\/p>\n\n\n\n<p class=\"has-small-font-size wp-block-paragraph\" id=\"block-15bd1784-c983-4e89-859e-f037f7c29993\">y canta porque el camino es largo y lleno de bosques&nbsp;<\/p>\n\n\n\n<p class=\"has-small-font-size wp-block-paragraph\" id=\"block-7123efe9-af73-474f-a0c7-b05776f49b53\">con poco espacio para establecerse&nbsp;<\/p>\n\n\n\n<p class=\"has-small-font-size wp-block-paragraph\" id=\"block-efb9a644-830c-4794-a892-6fb2ad21b9fa\"><\/p>\n\n\n\n<p class=\"has-small-font-size wp-block-paragraph\" id=\"block-2d3fb167-9bd0-443e-a2a7-c9cb80087c1c\">el problema de la vivienda es un problema de afinaci\u00f3n<br>\ufeff<\/p>\n\n\n\n<p class=\"has-small-font-size wp-block-paragraph\" id=\"block-2b14de4e-a90c-4729-a690-7fe20a0b1ff7\">a los pol\u00edticos les molesta el sonido del canto&nbsp;<\/p>\n\n\n\n<p class=\"has-text-align-center has-small-font-size wp-block-paragraph\">a pesar de que todas las patrias tienen un himno nacional&nbsp;<\/p>\n<\/div><\/div>\n\n\n\n<div style=\"height:11px\" aria-hidden=\"true\" class=\"wp-block-spacer\"><\/div>\n\n\n\n<p class=\"has-primary-color has-background-background-color has-text-color has-background has-link-color has-small-font-size wp-elements-d37bba5d8e3b9a8cf59b38e60358aae3 wp-block-paragraph\"><strong>Pablo G. LLeonart<\/strong> (Matanzas, Cuba 1995) Poet and editor.&nbsp; Degree in Journalism. Member of the Hermanos Sa\u00edz Association (AHS) and the Union of Writers and Artists of Cuba (UNEAC). Graduated from the Onelio Jorge Cardoso Literary Training Center. Quixote Poetry Prize awarded by the Universidad de Oriente (2018). Prize of the Mini-Story Contest La cola de la serpiente (UNEAC, Matanzas, 2015 and 2019). Aldab\u00f3n Prize (Poetry, 2019). Eli\u00e9cer Lazo Poetry Prize (2020). Mangle Rojo Prize (Poetry, 2020). Milan\u00e9s Prize (Poetry, UNEAC 2023) Prometeo Creation Grant from the magazine <em>La Gaceta de Cuba<\/em> 2024.<em> <\/em>Orlando Garc\u00eda Lorenzo Critics\u2019 Award 2024. He has published: <em>Habitantes de Marte<\/em> (Ediciones Aldab\u00f3n, 2020). <em>El rumor de un lejano galope de caballos<\/em> (Ediciones \u00c1ncoras, 2023), <em>Casa junto a la v\u00eda del tren<\/em> (Ediciones Matanzas, 2024) and the plaquettes <em>1995<\/em> and <em>Tr\u00edptico Herencias<\/em> that contains the homonymous poems awarded in the Jos\u00e9 Jacinto Milan\u00e9s debate contest 2019 and 2022, respectively. His work appears in the anthology <em>The Sleeping City. Young storytellers from Matanzas.<\/em> (Ediciones Aldab\u00f3n, 2018) and in <em>Plan to kill the emperor. Sample of young Cuban poetry<\/em>. (Cuadernos C\u00e1lamo. Ediciones Menoscuarto. Spain, 2024)<br><\/p>\n<!-- PMB print buttons is only displayed on a single post\/page URLs-->","protected":false},"excerpt":{"rendered":"<p>Pablo G. LLeonart (Matanzas, Cuba 1995) Poet and editor.&nbsp; Degree in Journalism. Member of the Hermanos Sa\u00edz Association (AHS) and the Union of Writers and Artists of Cuba (UNEAC). Graduated from the Onelio Jorge Cardoso Literary Training Center. Quixote Poetry Prize awarded by the Universidad de Oriente (2018). Prize of the Mini-Story Contest La cola [&hellip;]<\/p>\n","protected":false},"author":196861203,"featured_media":0,"parent":523,"menu_order":0,"comment_status":"closed","ping_status":"closed","template":"","meta":{"_coblocks_attr":"","_coblocks_dimensions":"","_coblocks_responsive_height":"","_coblocks_accordion_ie_support":"","_crdt_document":"","advanced_seo_description":"","jetpack_seo_html_title":"","jetpack_seo_noindex":false,"footnotes":""},"class_list":["post-442","page","type-page","status-publish","hentry"],"jetpack_likes_enabled":false,"jetpack_sharing_enabled":true,"jetpack_shortlink":"https:\/\/wp.me\/P2V8if-78","jetpack-related-posts":[{"id":4915,"url":"https:\/\/trasatlantica.org\/?page_id=4915","url_meta":{"origin":442,"position":0},"title":"Reviews","author":"Soviet Cuba: Identities in Transition","date":"June 1, 2025","format":false,"excerpt":"Diente de le\u00f3n, de Nelson Sim\u00f3n, por Pablo G. Lleonart \u00a0","rel":"","context":"Similar post","block_context":{"text":"Similar post","link":""},"img":{"alt_text":"","src":"","width":0,"height":0},"classes":[]},{"id":523,"url":"https:\/\/trasatlantica.org\/?page_id=523","url_meta":{"origin":442,"position":1},"title":"POETRY","author":"diceyk","date":"August 23, 2024","format":false,"excerpt":"Angela AcostaDaniel Ch\u00e1vez LanderosB\u00e1rbara Escobar AnleuIrina GarbatzkyPablo G. LLeonartLara L\u00f3pez de Jes\u00fasDiego MoraEduardo Rodr\u00edguez Mart\u00ednezJos\u00e9 Ram\u00f3n Ruis\u00e1nchezGustavo Ruiz PascacioRicardo Tejera Partido","rel":"","context":"Similar post","block_context":{"text":"Similar post","link":""},"img":{"alt_text":"","src":"https:\/\/i0.wp.com\/trasatlantica.org\/wp-content\/uploads\/2024\/09\/el-sendero-1200182.jpg?resize=350%2C200&ssl=1","width":350,"height":200,"srcset":"https:\/\/i0.wp.com\/trasatlantica.org\/wp-content\/uploads\/2024\/09\/el-sendero-1200182.jpg?resize=350%2C200&ssl=1 1x, https:\/\/i0.wp.com\/trasatlantica.org\/wp-content\/uploads\/2024\/09\/el-sendero-1200182.jpg?resize=525%2C300&ssl=1 1.5x, https:\/\/i0.wp.com\/trasatlantica.org\/wp-content\/uploads\/2024\/09\/el-sendero-1200182.jpg?resize=700%2C400&ssl=1 2x, https:\/\/i0.wp.com\/trasatlantica.org\/wp-content\/uploads\/2024\/09\/el-sendero-1200182.jpg?resize=1050%2C600&ssl=1 3x, https:\/\/i0.wp.com\/trasatlantica.org\/wp-content\/uploads\/2024\/09\/el-sendero-1200182.jpg?resize=1400%2C800&ssl=1 4x"},"classes":[]},{"id":5766,"url":"https:\/\/trasatlantica.org\/?page_id=5766","url_meta":{"origin":442,"position":2},"title":"Rese\u00f1as\/Reviews","author":"Soviet Cuba: Identities in Transition","date":"January 8, 2026","format":false,"excerpt":"Campamento, de Irina Garbatzky, por Paula Galansky Diente de le\u00f3n, de Nelson Sim\u00f3n, por Pablo G. Lleonart No vine a hacerme la inocente, de Damaris Pu\u00f1ales-Alp\u00edzar, por Jos\u00e9 Ram\u00f3n Ruis\u00e1nchez","rel":"","context":"Similar post","block_context":{"text":"Similar post","link":""},"img":{"alt_text":"","src":"","width":0,"height":0},"classes":[]},{"id":5763,"url":"https:\/\/trasatlantica.org\/?page_id=5763","url_meta":{"origin":442,"position":3},"title":"Poetry\/Poes\u00eda","author":"Soviet Cuba: Identities in Transition","date":"January 8, 2026","format":false,"excerpt":"Newest additions\/\u00daltimas adiciones Aleyda Quevedo Rojas Alfredo Alonso Estenoz Alicia Llarena Gonz\u00e1lez Ana Merino Antonio Colinas Bruno R\u00edos Coral Bracho Francisco Layna Ranz Hern\u00e1n Bravo Varela Jorge Saucedo Julio Marinas Odette Alonso Olga Mu\u00f1oz Carrasco Tambi\u00e9n\/Also Angela AcostaAtilio CaballeroB\u00e1rbara Escobar AnleuBenito PascualDaniel S\u00e1nchez LanderosDairen ZamoraDiego MoraEduardo Rodr\u00edguez Mart\u00ednezGustavo Ruiz PascacioIrina\u2026","rel":"","context":"Similar post","block_context":{"text":"Similar post","link":""},"img":{"alt_text":"","src":"https:\/\/i0.wp.com\/trasatlantica.org\/wp-content\/uploads\/2024\/09\/barbwire.jpg?resize=350%2C200&ssl=1","width":350,"height":200,"srcset":"https:\/\/i0.wp.com\/trasatlantica.org\/wp-content\/uploads\/2024\/09\/barbwire.jpg?resize=350%2C200&ssl=1 1x, https:\/\/i0.wp.com\/trasatlantica.org\/wp-content\/uploads\/2024\/09\/barbwire.jpg?resize=525%2C300&ssl=1 1.5x, https:\/\/i0.wp.com\/trasatlantica.org\/wp-content\/uploads\/2024\/09\/barbwire.jpg?resize=700%2C400&ssl=1 2x, https:\/\/i0.wp.com\/trasatlantica.org\/wp-content\/uploads\/2024\/09\/barbwire.jpg?resize=1050%2C600&ssl=1 3x, https:\/\/i0.wp.com\/trasatlantica.org\/wp-content\/uploads\/2024\/09\/barbwire.jpg?resize=1400%2C800&ssl=1 4x"},"classes":[]},{"id":4919,"url":"https:\/\/trasatlantica.org\/?page_id=4919","url_meta":{"origin":442,"position":4},"title":"Pablo G. Lleonart","author":"Soviet Cuba: Identities in Transition","date":"June 1, 2025","format":false,"excerpt":"Levedad dispersa: el soplo de Diente de le\u00f3n Pablo G. Lleonart \u00a0 Se cuenta que una tarde de primavera Leonardo da Vinci paseaba por los campos cercanos a Florencia y se detuvo a observar c\u00f3mo el viento soplaba las semillas de una flor que entonces se consideraba simple maleza: el\u2026","rel":"","context":"Similar post","block_context":{"text":"Similar post","link":""},"img":{"alt_text":"","src":"https:\/\/i0.wp.com\/trasatlantica.org\/wp-content\/uploads\/2025\/06\/168ceaed-bc95-471b-9b08-79d7fa2d4e3d.jpg?resize=350%2C200&ssl=1","width":350,"height":200,"srcset":"https:\/\/i0.wp.com\/trasatlantica.org\/wp-content\/uploads\/2025\/06\/168ceaed-bc95-471b-9b08-79d7fa2d4e3d.jpg?resize=350%2C200&ssl=1 1x, https:\/\/i0.wp.com\/trasatlantica.org\/wp-content\/uploads\/2025\/06\/168ceaed-bc95-471b-9b08-79d7fa2d4e3d.jpg?resize=525%2C300&ssl=1 1.5x, https:\/\/i0.wp.com\/trasatlantica.org\/wp-content\/uploads\/2025\/06\/168ceaed-bc95-471b-9b08-79d7fa2d4e3d.jpg?resize=700%2C400&ssl=1 2x"},"classes":[]},{"id":2993,"url":"https:\/\/trasatlantica.org\/?page_id=2993","url_meta":{"origin":442,"position":5},"title":"Events","author":"Soviet Cuba: Identities in Transition","date":"December 5, 2024","format":false,"excerpt":"This Saturday, December 14, 2024, a las 3.30 pm. Don't miss it. Email us trasatlantica@trasatlantica.org for details about the location. Si andas por Miami, y te interesan la poes\u00eda, la m\u00fasica, y la buena comida, en cualquier orden, no te pierdas esta cita en La Tasca G.","rel":"","context":"Similar post","block_context":{"text":"Similar post","link":""},"img":{"alt_text":"","src":"https:\/\/i0.wp.com\/trasatlantica.org\/wp-content\/uploads\/2024\/12\/WhatsApp-Image-2024-12-12-at-07.22.48.jpeg?resize=350%2C200&ssl=1","width":350,"height":200,"srcset":"https:\/\/i0.wp.com\/trasatlantica.org\/wp-content\/uploads\/2024\/12\/WhatsApp-Image-2024-12-12-at-07.22.48.jpeg?resize=350%2C200&ssl=1 1x, https:\/\/i0.wp.com\/trasatlantica.org\/wp-content\/uploads\/2024\/12\/WhatsApp-Image-2024-12-12-at-07.22.48.jpeg?resize=525%2C300&ssl=1 1.5x, https:\/\/i0.wp.com\/trasatlantica.org\/wp-content\/uploads\/2024\/12\/WhatsApp-Image-2024-12-12-at-07.22.48.jpeg?resize=700%2C400&ssl=1 2x, https:\/\/i0.wp.com\/trasatlantica.org\/wp-content\/uploads\/2024\/12\/WhatsApp-Image-2024-12-12-at-07.22.48.jpeg?resize=1050%2C600&ssl=1 3x, https:\/\/i0.wp.com\/trasatlantica.org\/wp-content\/uploads\/2024\/12\/WhatsApp-Image-2024-12-12-at-07.22.48.jpeg?resize=1400%2C800&ssl=1 4x"},"classes":[]}],"_links":{"self":[{"href":"https:\/\/trasatlantica.org\/index.php?rest_route=\/wp\/v2\/pages\/442","targetHints":{"allow":["GET"]}}],"collection":[{"href":"https:\/\/trasatlantica.org\/index.php?rest_route=\/wp\/v2\/pages"}],"about":[{"href":"https:\/\/trasatlantica.org\/index.php?rest_route=\/wp\/v2\/types\/page"}],"author":[{"embeddable":true,"href":"https:\/\/trasatlantica.org\/index.php?rest_route=\/wp\/v2\/users\/196861203"}],"replies":[{"embeddable":true,"href":"https:\/\/trasatlantica.org\/index.php?rest_route=%2Fwp%2Fv2%2Fcomments&post=442"}],"version-history":[{"count":35,"href":"https:\/\/trasatlantica.org\/index.php?rest_route=\/wp\/v2\/pages\/442\/revisions"}],"predecessor-version":[{"id":6511,"href":"https:\/\/trasatlantica.org\/index.php?rest_route=\/wp\/v2\/pages\/442\/revisions\/6511"}],"up":[{"embeddable":true,"href":"https:\/\/trasatlantica.org\/index.php?rest_route=\/wp\/v2\/pages\/523"}],"wp:attachment":[{"href":"https:\/\/trasatlantica.org\/index.php?rest_route=%2Fwp%2Fv2%2Fmedia&parent=442"}],"curies":[{"name":"wp","href":"https:\/\/api.w.org\/{rel}","templated":true}]}}