{"id":4919,"date":"2025-06-01T16:47:10","date_gmt":"2025-06-01T20:47:10","guid":{"rendered":"https:\/\/trasatlantica.org\/?page_id=4919"},"modified":"2025-06-27T17:28:42","modified_gmt":"2025-06-27T21:28:42","slug":"pablo-g-lleonart","status":"publish","type":"page","link":"https:\/\/trasatlantica.org\/?page_id=4919","title":{"rendered":"Pablo G. Lleonart"},"content":{"rendered":"\n<div class=\"wp-block-group alignwide has-primary-color has-background-background-color has-text-color has-background has-link-color wp-elements-f28989fb669139191bb3770944da5e5e\"><div class=\"wp-block-group__inner-container is-layout-constrained wp-block-group-is-layout-constrained\">\n<div class=\"wp-block-nk-awb nk-awb alignwide alignfull has-ffffff-background-color has-background\"><div class=\"nk-awb-wrap\" style=\"background:#ffffff\" data-awb-type=\"image\" data-awb-parallax=\"scroll-opacity\" data-awb-parallax-speed=\"0.5\" data-awb-parallax-mobile=\"true\" data-awb-image-background-size=\"cover\" data-awb-image-background-position=\"50% 50%\"><div class=\"nk-awb-inner\" style=\"opacity: 0.53;\"><img decoding=\"async\" data-attachment-id=\"4926\" data-permalink=\"https:\/\/trasatlantica.org\/?attachment_id=4926\" data-orig-file=\"https:\/\/trasatlantica.org\/wp-content\/uploads\/2025\/06\/2393_2-72396.avif\" data-orig-size=\"536,750\" data-comments-opened=\"0\" data-image-meta=\"{&quot;aperture&quot;:&quot;0&quot;,&quot;credit&quot;:&quot;&quot;,&quot;camera&quot;:&quot;&quot;,&quot;caption&quot;:&quot;&quot;,&quot;created_timestamp&quot;:&quot;0&quot;,&quot;copyright&quot;:&quot;&quot;,&quot;focal_length&quot;:&quot;0&quot;,&quot;iso&quot;:&quot;0&quot;,&quot;shutter_speed&quot;:&quot;0&quot;,&quot;title&quot;:&quot;&quot;,&quot;orientation&quot;:&quot;0&quot;}\" data-image-title=\"2393_2-72396\" data-image-description=\"\" data-image-caption=\"\" data-large-file=\"https:\/\/trasatlantica.org\/wp-content\/uploads\/2025\/06\/2393_2-72396.avif\" src=\"https:\/\/trasatlantica.org\/wp-content\/uploads\/2025\/06\/2393_2-72396.avif\" class=\"wp-image-4926 jarallax-img\" width=\"536\" height=\"750\" srcset=\"https:\/\/trasatlantica.org\/wp-content\/uploads\/2025\/06\/2393_2-72396.avif 536w, https:\/\/trasatlantica.org\/wp-content\/uploads\/2025\/06\/2393_2-72396-214x300.avif 214w, https:\/\/trasatlantica.org\/wp-content\/uploads\/2025\/06\/2393_2-72396-500x700.avif 500w\" sizes=\"(max-width: 536px) 100vw, 536px\" \/><\/div><\/div><div class=\"nk-awb-wrap-content is-layout-constrained wp-block-nk-awb-is-layout-constrained\">\n<p class=\"has-text-align-center has-larger-font-size wp-block-paragraph\"><strong><em>Levedad dispersa: el soplo de Diente de le\u00f3n<\/em><\/strong><\/p>\n\n\n\n<p class=\"has-text-align-right has-small-font-size wp-block-paragraph\">Pablo G. Lleonart &nbsp;<\/p>\n<\/div><\/div>\n\n\n\n<div class=\"wp-block-media-text alignfull is-stacked-on-mobile is-vertically-aligned-center\" style=\"grid-template-columns:54% auto\"><figure class=\"wp-block-media-text__media\"><img data-recalc-dims=\"1\" decoding=\"async\" width=\"259\" height=\"194\" data-attachment-id=\"4944\" data-permalink=\"https:\/\/trasatlantica.org\/?attachment_id=4944\" data-orig-file=\"https:\/\/i0.wp.com\/trasatlantica.org\/wp-content\/uploads\/2025\/06\/download-3.jpg?fit=259%2C194&amp;ssl=1\" data-orig-size=\"259,194\" data-comments-opened=\"0\" data-image-meta=\"{&quot;aperture&quot;:&quot;0&quot;,&quot;credit&quot;:&quot;&quot;,&quot;camera&quot;:&quot;&quot;,&quot;caption&quot;:&quot;&quot;,&quot;created_timestamp&quot;:&quot;0&quot;,&quot;copyright&quot;:&quot;&quot;,&quot;focal_length&quot;:&quot;0&quot;,&quot;iso&quot;:&quot;0&quot;,&quot;shutter_speed&quot;:&quot;0&quot;,&quot;title&quot;:&quot;&quot;,&quot;orientation&quot;:&quot;0&quot;}\" data-image-title=\"download-3\" data-image-description=\"\" data-image-caption=\"\" data-large-file=\"https:\/\/i0.wp.com\/trasatlantica.org\/wp-content\/uploads\/2025\/06\/download-3.jpg?fit=259%2C194&amp;ssl=1\" src=\"https:\/\/i0.wp.com\/trasatlantica.org\/wp-content\/uploads\/2025\/06\/download-3.jpg?resize=259%2C194&#038;ssl=1\" alt=\"\" class=\"wp-image-4944 size-full\" srcset=\"https:\/\/i0.wp.com\/trasatlantica.org\/wp-content\/uploads\/2025\/06\/download-3.jpg?w=259&amp;ssl=1 259w, https:\/\/i0.wp.com\/trasatlantica.org\/wp-content\/uploads\/2025\/06\/download-3.jpg?resize=200%2C150&amp;ssl=1 200w\" sizes=\"(max-width: 259px) 100vw, 259px\" \/><\/figure><div class=\"wp-block-media-text__content\">\n<p class=\"has-primary-color has-background-background-color has-text-color has-background has-link-color has-alegreya-font-family has-custom-font wp-elements-6a08ee94a6993d4a9fbb2965968e661b wp-block-paragraph\" style=\"font-size:16px;font-family:alegreya\">Se cuenta que una tarde de primavera Leonardo da Vinci paseaba por los campos cercanos a Florencia y se detuvo a observar c\u00f3mo el viento soplaba las semillas de una flor que entonces se consideraba simple maleza: el diente de le\u00f3n. Fascinado por tal acontecimiento el ingenio del florentino se pregunt\u00f3 c\u00f3mo las peque\u00f1as semillas se elevaban en espiral, flotaban y se manten\u00edan suspendidas. Fue este el motivo, seg\u00fan versi\u00f3n popular, el que lo condujo a esbozar en su cuaderno los movimientos del aire.<\/p>\n<\/div><\/div>\n\n\n\n<div class=\"wp-block-media-text alignfull has-media-on-the-right is-stacked-on-mobile is-vertically-aligned-center\" style=\"grid-template-columns:auto 53%\"><div class=\"wp-block-media-text__content\">\n<p class=\"has-primary-color has-background-background-color has-text-color has-background has-link-color has-alegreya-font-family has-custom-font wp-elements-f27494a57a33270a74d457dd6cab7786 wp-block-paragraph\" style=\"font-size:16px;font-family:alegreya\">M\u00e1s de medio milenio despu\u00e9s Nels\u00f3n Sim\u00f3n, poeta de un peque\u00f1o pueblo, Puerta de Golpe, en la occidental provincia cubana de Pinar del R\u00edo, al igual que da Vinci se ha detenido a observar la misma flor y ha convertido su contemplaci\u00f3n en poemas. <em>Diente de le\u00f3n <\/em>es una de las seis novedades editoriales que pone a disposici\u00f3n de los lectores Ediciones Vig\u00eda para celebrar sus cuatro d\u00e9cadas de fundada. As\u00ed con este cuaderno de inusual y delicada belleza regresa una de las voces po\u00e9ticas cubanas m\u00e1s relevantes al cat\u00e1logo de la editorial para&nbsp; seguir alimentando la llama inagotable del quinqu\u00e9, ese que se encendi\u00f3 por vez primera en abril del a\u00f1o 1985 y no ha dejado desde entonces de iluminar nuestra siempre <em>sui generis<\/em> Rep\u00fablica de las Letras, en definitiva no ha dejado de iluminarnos. Regresa hoy aquel amolador de tijeras que preguntaba por su casa, y que ahora ha cambiado la tijera por la flor, el corte por la belleza, y ya no pregunta por la casa, porque sabe que esta es y ser\u00e1 siempre su casa.<\/p>\n<\/div><figure class=\"wp-block-media-text__media\"><img data-recalc-dims=\"1\" decoding=\"async\" width=\"720\" height=\"960\" data-attachment-id=\"4946\" data-permalink=\"https:\/\/trasatlantica.org\/?attachment_id=4946\" data-orig-file=\"https:\/\/i0.wp.com\/trasatlantica.org\/wp-content\/uploads\/2025\/06\/b4049bd4-2c93-4c1f-89a7-4ecf2a2e7eb9.jpg?fit=720%2C960&amp;ssl=1\" data-orig-size=\"720,960\" data-comments-opened=\"0\" data-image-meta=\"{&quot;aperture&quot;:&quot;0&quot;,&quot;credit&quot;:&quot;&quot;,&quot;camera&quot;:&quot;&quot;,&quot;caption&quot;:&quot;&quot;,&quot;created_timestamp&quot;:&quot;0&quot;,&quot;copyright&quot;:&quot;&quot;,&quot;focal_length&quot;:&quot;0&quot;,&quot;iso&quot;:&quot;0&quot;,&quot;shutter_speed&quot;:&quot;0&quot;,&quot;title&quot;:&quot;&quot;,&quot;orientation&quot;:&quot;0&quot;}\" data-image-title=\"b4049bd4-2c93-4c1f-89a7-4ecf2a2e7eb9\" data-image-description=\"\" data-image-caption=\"\" data-large-file=\"https:\/\/i0.wp.com\/trasatlantica.org\/wp-content\/uploads\/2025\/06\/b4049bd4-2c93-4c1f-89a7-4ecf2a2e7eb9.jpg?fit=580%2C773&amp;ssl=1\" src=\"https:\/\/i0.wp.com\/trasatlantica.org\/wp-content\/uploads\/2025\/06\/b4049bd4-2c93-4c1f-89a7-4ecf2a2e7eb9.jpg?resize=720%2C960&#038;ssl=1\" alt=\"\" class=\"wp-image-4946 size-full\" srcset=\"https:\/\/i0.wp.com\/trasatlantica.org\/wp-content\/uploads\/2025\/06\/b4049bd4-2c93-4c1f-89a7-4ecf2a2e7eb9.jpg?w=720&amp;ssl=1 720w, https:\/\/i0.wp.com\/trasatlantica.org\/wp-content\/uploads\/2025\/06\/b4049bd4-2c93-4c1f-89a7-4ecf2a2e7eb9.jpg?resize=225%2C300&amp;ssl=1 225w, https:\/\/i0.wp.com\/trasatlantica.org\/wp-content\/uploads\/2025\/06\/b4049bd4-2c93-4c1f-89a7-4ecf2a2e7eb9.jpg?resize=600%2C800&amp;ssl=1 600w, https:\/\/i0.wp.com\/trasatlantica.org\/wp-content\/uploads\/2025\/06\/b4049bd4-2c93-4c1f-89a7-4ecf2a2e7eb9.jpg?resize=450%2C600&amp;ssl=1 450w, https:\/\/i0.wp.com\/trasatlantica.org\/wp-content\/uploads\/2025\/06\/b4049bd4-2c93-4c1f-89a7-4ecf2a2e7eb9.jpg?resize=300%2C400&amp;ssl=1 300w, https:\/\/i0.wp.com\/trasatlantica.org\/wp-content\/uploads\/2025\/06\/b4049bd4-2c93-4c1f-89a7-4ecf2a2e7eb9.jpg?resize=150%2C200&amp;ssl=1 150w, https:\/\/i0.wp.com\/trasatlantica.org\/wp-content\/uploads\/2025\/06\/b4049bd4-2c93-4c1f-89a7-4ecf2a2e7eb9.jpg?resize=500%2C667&amp;ssl=1 500w\" sizes=\"(max-width: 720px) 100vw, 720px\" \/><\/figure><\/div>\n\n\n\n<p class=\"has-primary-color has-background-background-color has-text-color has-background has-link-color has-alegreya-font-family has-custom-font wp-elements-16446a087ad1e11739f06bc4f2179422 wp-block-paragraph\" style=\"font-size:16px;font-family:alegreya\">Los poemas de <em>Diente de le\u00f3n<\/em> contienen la levedad. Nels\u00f3n Sim\u00f3n sustrae el peso de la palabra a la manera en que lo hac\u00eda otro italiano, Italo Calvino, cuando dec\u00eda: <em>he tratado de quitar peso a las figuras humanas, a los cuerpos celestes, a las ciudades, he tratado, sobre todo, de quitar peso a la estructura del lenguaje.<\/em>&nbsp; Y enti\u00e9ndase que esa ausencia de peso no le resta sustancia, esencia de las cosas, sino todo lo contrario, el autor busca con su levedad ascender, dispersarse en el viento hasta confundirse con el aire y que el poema flote, que cuando sintamos que una brisa nos despeina, sea la brisa de la poes\u00eda. <\/p>\n\n\n\n<p class=\"has-primary-color has-background-background-color has-text-color has-background has-link-color has-alegreya-font-family has-custom-font wp-elements-b568e50ca4815ee82726e504630eab3d wp-block-paragraph\" style=\"font-size:16px;font-family:alegreya\">Frente a los d\u00edas peligrosos, o sea cada d\u00eda de nuestras vidas, el poeta ha construido no su torre de babel, sino su jard\u00edn de versos, donde el diente de le\u00f3n, junto a orqu\u00eddeas y tambi\u00e9n hojas secas, deviene&nbsp; en tabla de salvaci\u00f3n.&nbsp; El poeta se opone a las m\u00e1scaras de la cotidianidad con lo m\u00e1s \u00edntimo, busca el ser verdadero, y es por ello que afirma<em>: tengo la mala costumbre de tender mi ropa a la vista de todos\/ De una columna a otra del balc\u00f3n at\u00e9 una cuerda\/ y en ella pongo a colgar piezas \u00edntimas. \/Cosas que otros callan. \/As\u00ed me expongo.&nbsp;<\/em><\/p>\n\n\n\n<figure class=\"wp-block-image alignwide size-full\"><a href=\"https:\/\/i0.wp.com\/trasatlantica.org\/wp-content\/uploads\/2025\/06\/7360a8bd-125a-43f0-8701-9b49e289244e.jpg?ssl=1\"><img data-recalc-dims=\"1\" decoding=\"async\" width=\"720\" height=\"481\" data-attachment-id=\"4950\" data-permalink=\"https:\/\/trasatlantica.org\/?attachment_id=4950\" data-orig-file=\"https:\/\/i0.wp.com\/trasatlantica.org\/wp-content\/uploads\/2025\/06\/7360a8bd-125a-43f0-8701-9b49e289244e.jpg?fit=720%2C481&amp;ssl=1\" data-orig-size=\"720,481\" data-comments-opened=\"0\" data-image-meta=\"{&quot;aperture&quot;:&quot;0&quot;,&quot;credit&quot;:&quot;&quot;,&quot;camera&quot;:&quot;&quot;,&quot;caption&quot;:&quot;&quot;,&quot;created_timestamp&quot;:&quot;0&quot;,&quot;copyright&quot;:&quot;&quot;,&quot;focal_length&quot;:&quot;0&quot;,&quot;iso&quot;:&quot;0&quot;,&quot;shutter_speed&quot;:&quot;0&quot;,&quot;title&quot;:&quot;&quot;,&quot;orientation&quot;:&quot;0&quot;}\" data-image-title=\"7360a8bd-125a-43f0-8701-9b49e289244e\" data-image-description=\"\" data-image-caption=\"\" data-large-file=\"https:\/\/i0.wp.com\/trasatlantica.org\/wp-content\/uploads\/2025\/06\/7360a8bd-125a-43f0-8701-9b49e289244e.jpg?fit=580%2C387&amp;ssl=1\" src=\"https:\/\/i0.wp.com\/trasatlantica.org\/wp-content\/uploads\/2025\/06\/7360a8bd-125a-43f0-8701-9b49e289244e.jpg?resize=720%2C481&#038;ssl=1\" alt=\"\" class=\"wp-image-4950\" srcset=\"https:\/\/i0.wp.com\/trasatlantica.org\/wp-content\/uploads\/2025\/06\/7360a8bd-125a-43f0-8701-9b49e289244e.jpg?w=720&amp;ssl=1 720w, https:\/\/i0.wp.com\/trasatlantica.org\/wp-content\/uploads\/2025\/06\/7360a8bd-125a-43f0-8701-9b49e289244e.jpg?resize=300%2C200&amp;ssl=1 300w, https:\/\/i0.wp.com\/trasatlantica.org\/wp-content\/uploads\/2025\/06\/7360a8bd-125a-43f0-8701-9b49e289244e.jpg?resize=500%2C334&amp;ssl=1 500w\" sizes=\"(max-width: 720px) 100vw, 720px\" \/><\/a><\/figure>\n\n\n\n<p class=\"has-alegreya-font-family has-custom-font wp-block-paragraph\" style=\"font-size:16px;font-family:alegreya\">En estos poemas encontramos la exactitud de la pluma, esa que era el s\u00edmbolo de precisi\u00f3n entre los egipcios y que usaban sobre una balanza donde pesaban a las almas. Solo que Nels\u00f3n Sim\u00f3n sustituye, la pluma por la semilla del diente de le\u00f3n. El poema hom\u00f3nimo se introduce con el siguiente verso: <em>que todo lo que me hiera tenga la belleza del diente de le\u00f3n. <\/em>Para pesar las almas de estas islas hace falta esta y no otra flor, esta y no otra belleza, es la que exige el momento actual. Ya a un poeta en otro tiempo le pidieron, entre tantas cosas, las manos y adem\u00e1s le dijeron que eso era estrictamente necesario. Ahora el escritor de la Cuba del 2025, afirma: <em>mi mano cansada de tantas migraciones, se deten\u00eda en ti.<\/em> Y junto a las manos del poeta tambi\u00e9n van nuestras manos.<\/p>\n\n\n\n<p class=\"has-alegreya-font-family has-custom-font wp-block-paragraph\" style=\"font-size:16px;font-family:alegreya\">Exactitud y levedad son rasgos distintivos de la po\u00e9tica que despliega el autor en el presente poemario<em>. <\/em>Otra vez el <em>ragazzo<\/em> Calvino nos ilumina al referirse a la composici\u00f3n geometrizante de Mallarm\u00e9: <em>La poes\u00eda es la gran enemiga del azar, a pesar de ser tambi\u00e9n ella misma hija del azar, y que sepa en definitiva que el azar ganar\u00e1 la partida. <\/em>Sumergidos en el jard\u00edn de Nels\u00f3n Sim\u00f3n nos encontramos ante el golpe de dados que jam\u00e1s abolir\u00e1 el azar, aunque el golpe ser\u00e1 el de la flor o m\u00e1s bien el de los a\u00f1os cuando el poeta, sugerentemente de un lugar llamado Puerta de Golpe, nos revela: <em>ya la vida, con sus yerros, pas\u00f3 por aqu\u00ed y la conozco.<\/em><\/p>\n\n\n\n<figure class=\"wp-block-image alignfull size-full has-lightbox\"><a href=\"https:\/\/i0.wp.com\/trasatlantica.org\/wp-content\/uploads\/2025\/06\/168ceaed-bc95-471b-9b08-79d7fa2d4e3d.jpg?ssl=1\"><img data-recalc-dims=\"1\" decoding=\"async\" width=\"720\" height=\"960\" data-attachment-id=\"4955\" data-permalink=\"https:\/\/trasatlantica.org\/?attachment_id=4955\" data-orig-file=\"https:\/\/i0.wp.com\/trasatlantica.org\/wp-content\/uploads\/2025\/06\/168ceaed-bc95-471b-9b08-79d7fa2d4e3d.jpg?fit=720%2C960&amp;ssl=1\" data-orig-size=\"720,960\" data-comments-opened=\"0\" data-image-meta=\"{&quot;aperture&quot;:&quot;0&quot;,&quot;credit&quot;:&quot;&quot;,&quot;camera&quot;:&quot;&quot;,&quot;caption&quot;:&quot;&quot;,&quot;created_timestamp&quot;:&quot;0&quot;,&quot;copyright&quot;:&quot;&quot;,&quot;focal_length&quot;:&quot;0&quot;,&quot;iso&quot;:&quot;0&quot;,&quot;shutter_speed&quot;:&quot;0&quot;,&quot;title&quot;:&quot;&quot;,&quot;orientation&quot;:&quot;0&quot;}\" data-image-title=\"168ceaed-bc95-471b-9b08-79d7fa2d4e3d\" data-image-description=\"\" data-image-caption=\"\" data-large-file=\"https:\/\/i0.wp.com\/trasatlantica.org\/wp-content\/uploads\/2025\/06\/168ceaed-bc95-471b-9b08-79d7fa2d4e3d.jpg?fit=580%2C773&amp;ssl=1\" src=\"https:\/\/i0.wp.com\/trasatlantica.org\/wp-content\/uploads\/2025\/06\/168ceaed-bc95-471b-9b08-79d7fa2d4e3d.jpg?resize=720%2C960&#038;ssl=1\" alt=\"\" class=\"wp-image-4955\" srcset=\"https:\/\/i0.wp.com\/trasatlantica.org\/wp-content\/uploads\/2025\/06\/168ceaed-bc95-471b-9b08-79d7fa2d4e3d.jpg?w=720&amp;ssl=1 720w, https:\/\/i0.wp.com\/trasatlantica.org\/wp-content\/uploads\/2025\/06\/168ceaed-bc95-471b-9b08-79d7fa2d4e3d.jpg?resize=225%2C300&amp;ssl=1 225w, https:\/\/i0.wp.com\/trasatlantica.org\/wp-content\/uploads\/2025\/06\/168ceaed-bc95-471b-9b08-79d7fa2d4e3d.jpg?resize=600%2C800&amp;ssl=1 600w, https:\/\/i0.wp.com\/trasatlantica.org\/wp-content\/uploads\/2025\/06\/168ceaed-bc95-471b-9b08-79d7fa2d4e3d.jpg?resize=450%2C600&amp;ssl=1 450w, https:\/\/i0.wp.com\/trasatlantica.org\/wp-content\/uploads\/2025\/06\/168ceaed-bc95-471b-9b08-79d7fa2d4e3d.jpg?resize=300%2C400&amp;ssl=1 300w, https:\/\/i0.wp.com\/trasatlantica.org\/wp-content\/uploads\/2025\/06\/168ceaed-bc95-471b-9b08-79d7fa2d4e3d.jpg?resize=150%2C200&amp;ssl=1 150w, https:\/\/i0.wp.com\/trasatlantica.org\/wp-content\/uploads\/2025\/06\/168ceaed-bc95-471b-9b08-79d7fa2d4e3d.jpg?resize=500%2C667&amp;ssl=1 500w\" sizes=\"(max-width: 720px) 100vw, 720px\" \/><\/a><\/figure>\n\n\n\n<p class=\"has-primary-color has-background-background-color has-text-color has-background has-link-color has-alegreya-font-family has-custom-font wp-elements-db953d7bb235a4db4a9336052ca925d0 wp-block-paragraph\" style=\"font-size:16px;font-family:alegreya\">Es imposible hablar de <em>Diente de le\u00f3n<\/em>&nbsp; sin mencionar que cuenta con la visualidad particular de un joven, me refiero al dise\u00f1ador H\u00e9ctor Rivero, qui\u00e9n desde su halo creador sabe insertarse en la tradici\u00f3n de Ediciones Vig\u00eda, revitalizando estilos que fueron sello de identidad&nbsp; de la editorial, y por supuesto aportando otros discursos visuales que hacen del presente poemario una muestra de inter\u00e9s acerca del trabajo m\u00e1s actual de Vig\u00eda. La sobriedad del blanco acompa\u00f1ado de la flor, las cochinillas, los insectos de abundan en las p\u00e1ginas junto a la ropa interior confeccionan un cuadro en que la levedad de los poemas se transfiguran en la levedad de la imagen art\u00edstica que nos propone el dise\u00f1ador con su est\u00e9tica.<\/p>\n\n\n\n<p class=\"has-primary-color has-background-background-color has-text-color has-background has-link-color has-alegreya-font-family has-custom-font wp-elements-f3d05995577a34c9a279aaf36fd82bcc wp-block-paragraph\" style=\"font-size:16px;font-family:alegreya\">Al abrir el libro, que es m\u00e1s que un libro, es jard\u00edn y arte, iniciamos junto a sus poemas la b\u00fasqueda inexorable del tiempo, ese del que dispusimos o dispusieron por nosotros, el tiempo perdido y que nunca podemos retener, el resbaladizo del que sabemos que algo pas\u00f3 pero no sabemos si volver\u00e1 a pasar. El autor de A <em>la sombra de los muchachos en flor<\/em>, el de Puerta de Golpe, no el del decimosexto distrito de Par\u00eds, &nbsp;nos advierte de lo terrible del camino, lo terrible de no saber volver sobre nuestro camino, que no es, por supuesto, &nbsp;por el que transit\u00f3 Swann.<\/p>\n\n\n\n<p class=\"has-primary-color has-background-background-color has-text-color has-background has-link-color has-alegreya-font-family has-custom-font wp-elements-9e28b62b69561841a2bfc2e23dd3a318 wp-block-paragraph\" style=\"font-size:16px;font-family:alegreya\"><em>Lo terrible es no saber volver atr\u00e1s, <\/em>es el \u00faltimo verso que leemosy lo belloes ese camino de regreso hacia el \u00fatero, hacia el ser. Los \u00e1ngeles rilkeanos en la poes\u00eda de Nels\u00f3n Sim\u00f3n tienen la levedad y exactitud, las alas y el rostro de la flor de diente de le\u00f3n. Y para suerte nuestra van dispersos por el aire con la luz del quinqu\u00e9 de Vig\u00eda.<\/p>\n\n\n<div class=\"wp-block-image\">\n<figure class=\"aligncenter size-full\"><a href=\"https:\/\/i0.wp.com\/trasatlantica.org\/wp-content\/uploads\/2025\/06\/quinque-vigia.jpg?ssl=1\"><img data-recalc-dims=\"1\" decoding=\"async\" width=\"292\" height=\"740\" data-attachment-id=\"4953\" data-permalink=\"https:\/\/trasatlantica.org\/?attachment_id=4953\" data-orig-file=\"https:\/\/i0.wp.com\/trasatlantica.org\/wp-content\/uploads\/2025\/06\/quinque-vigia.jpg?fit=292%2C740&amp;ssl=1\" data-orig-size=\"292,740\" data-comments-opened=\"0\" data-image-meta=\"{&quot;aperture&quot;:&quot;0&quot;,&quot;credit&quot;:&quot;&quot;,&quot;camera&quot;:&quot;&quot;,&quot;caption&quot;:&quot;&quot;,&quot;created_timestamp&quot;:&quot;0&quot;,&quot;copyright&quot;:&quot;&quot;,&quot;focal_length&quot;:&quot;0&quot;,&quot;iso&quot;:&quot;0&quot;,&quot;shutter_speed&quot;:&quot;0&quot;,&quot;title&quot;:&quot;&quot;,&quot;orientation&quot;:&quot;1&quot;}\" data-image-title=\"quinque\u0301 vigi\u0301a\" data-image-description=\"\" data-image-caption=\"\" data-large-file=\"https:\/\/i0.wp.com\/trasatlantica.org\/wp-content\/uploads\/2025\/06\/quinque-vigia.jpg?fit=292%2C740&amp;ssl=1\" src=\"https:\/\/i0.wp.com\/trasatlantica.org\/wp-content\/uploads\/2025\/06\/quinque-vigia.jpg?resize=292%2C740&#038;ssl=1\" alt=\"\" class=\"wp-image-4953\" srcset=\"https:\/\/i0.wp.com\/trasatlantica.org\/wp-content\/uploads\/2025\/06\/quinque-vigia.jpg?w=292&amp;ssl=1 292w, https:\/\/i0.wp.com\/trasatlantica.org\/wp-content\/uploads\/2025\/06\/quinque-vigia.jpg?resize=118%2C300&amp;ssl=1 118w\" sizes=\"(max-width: 292px) 100vw, 292px\" \/><\/a><\/figure>\n<\/div><\/div><\/div>\n<!-- PMB print buttons is only displayed on a single post\/page URLs-->","protected":false},"excerpt":{"rendered":"<p>Se cuenta que una tarde de primavera Leonardo da Vinci paseaba por los campos cercanos a Florencia y se detuvo a observar c\u00f3mo el viento soplaba las semillas de una flor que entonces se consideraba simple maleza: el diente de le\u00f3n. Fascinado por tal acontecimiento el ingenio del florentino se pregunt\u00f3 c\u00f3mo las peque\u00f1as semillas [&hellip;]<\/p>\n","protected":false},"author":33188029,"featured_media":0,"parent":0,"menu_order":0,"comment_status":"closed","ping_status":"closed","template":"","meta":{"_coblocks_attr":"","_coblocks_dimensions":"","_coblocks_responsive_height":"","_coblocks_accordion_ie_support":"","_crdt_document":"","advanced_seo_description":"","jetpack_seo_html_title":"","jetpack_seo_noindex":false,"footnotes":""},"class_list":["post-4919","page","type-page","status-publish","hentry"],"jetpack_likes_enabled":false,"jetpack_sharing_enabled":true,"jetpack_shortlink":"https:\/\/wp.me\/P2V8if-1hl","jetpack-related-posts":[{"id":4915,"url":"https:\/\/trasatlantica.org\/?page_id=4915","url_meta":{"origin":4919,"position":0},"title":"Reviews","author":"Soviet Cuba: Identities in Transition","date":"June 1, 2025","format":false,"excerpt":"Diente de le\u00f3n, de Nelson Sim\u00f3n, por Pablo G. Lleonart \u00a0","rel":"","context":"Similar post","block_context":{"text":"Similar post","link":""},"img":{"alt_text":"","src":"","width":0,"height":0},"classes":[]},{"id":523,"url":"https:\/\/trasatlantica.org\/?page_id=523","url_meta":{"origin":4919,"position":1},"title":"POETRY","author":"diceyk","date":"August 23, 2024","format":false,"excerpt":"Angela AcostaDaniel Ch\u00e1vez LanderosB\u00e1rbara Escobar AnleuIrina GarbatzkyPablo G. LLeonartLara L\u00f3pez de Jes\u00fasDiego MoraEduardo Rodr\u00edguez Mart\u00ednezJos\u00e9 Ram\u00f3n Ruis\u00e1nchezGustavo Ruiz PascacioRicardo Tejera Partido","rel":"","context":"Similar post","block_context":{"text":"Similar post","link":""},"img":{"alt_text":"","src":"https:\/\/i0.wp.com\/trasatlantica.org\/wp-content\/uploads\/2024\/09\/el-sendero-1200182.jpg?resize=350%2C200&ssl=1","width":350,"height":200,"srcset":"https:\/\/i0.wp.com\/trasatlantica.org\/wp-content\/uploads\/2024\/09\/el-sendero-1200182.jpg?resize=350%2C200&ssl=1 1x, https:\/\/i0.wp.com\/trasatlantica.org\/wp-content\/uploads\/2024\/09\/el-sendero-1200182.jpg?resize=525%2C300&ssl=1 1.5x, https:\/\/i0.wp.com\/trasatlantica.org\/wp-content\/uploads\/2024\/09\/el-sendero-1200182.jpg?resize=700%2C400&ssl=1 2x, https:\/\/i0.wp.com\/trasatlantica.org\/wp-content\/uploads\/2024\/09\/el-sendero-1200182.jpg?resize=1050%2C600&ssl=1 3x, https:\/\/i0.wp.com\/trasatlantica.org\/wp-content\/uploads\/2024\/09\/el-sendero-1200182.jpg?resize=1400%2C800&ssl=1 4x"},"classes":[]},{"id":5766,"url":"https:\/\/trasatlantica.org\/?page_id=5766","url_meta":{"origin":4919,"position":2},"title":"Rese\u00f1as\/Reviews","author":"Soviet Cuba: Identities in Transition","date":"January 8, 2026","format":false,"excerpt":"Campamento, de Irina Garbatzky, por Paula Galansky Diente de le\u00f3n, de Nelson Sim\u00f3n, por Pablo G. Lleonart No vine a hacerme la inocente, de Damaris Pu\u00f1ales-Alp\u00edzar, por Jos\u00e9 Ram\u00f3n Ruis\u00e1nchez","rel":"","context":"Similar post","block_context":{"text":"Similar post","link":""},"img":{"alt_text":"","src":"","width":0,"height":0},"classes":[]},{"id":5763,"url":"https:\/\/trasatlantica.org\/?page_id=5763","url_meta":{"origin":4919,"position":3},"title":"Poetry\/Poes\u00eda","author":"Soviet Cuba: Identities in Transition","date":"January 8, 2026","format":false,"excerpt":"Newest additions\/\u00daltimas adiciones Aleyda Quevedo Rojas Alfredo Alonso Estenoz Alicia Llarena Gonz\u00e1lez Ana Merino Antonio Colinas Bruno R\u00edos Coral Bracho Francisco Layna Ranz Hern\u00e1n Bravo Varela Jorge Saucedo Julio Marinas Odette Alonso Olga Mu\u00f1oz Carrasco Tambi\u00e9n\/Also Angela AcostaAtilio CaballeroB\u00e1rbara Escobar AnleuBenito PascualDaniel S\u00e1nchez LanderosDairen ZamoraDiego MoraEduardo Rodr\u00edguez Mart\u00ednezGustavo Ruiz PascacioIrina\u2026","rel":"","context":"Similar post","block_context":{"text":"Similar post","link":""},"img":{"alt_text":"","src":"https:\/\/i0.wp.com\/trasatlantica.org\/wp-content\/uploads\/2024\/09\/barbwire.jpg?resize=350%2C200&ssl=1","width":350,"height":200,"srcset":"https:\/\/i0.wp.com\/trasatlantica.org\/wp-content\/uploads\/2024\/09\/barbwire.jpg?resize=350%2C200&ssl=1 1x, https:\/\/i0.wp.com\/trasatlantica.org\/wp-content\/uploads\/2024\/09\/barbwire.jpg?resize=525%2C300&ssl=1 1.5x, https:\/\/i0.wp.com\/trasatlantica.org\/wp-content\/uploads\/2024\/09\/barbwire.jpg?resize=700%2C400&ssl=1 2x, https:\/\/i0.wp.com\/trasatlantica.org\/wp-content\/uploads\/2024\/09\/barbwire.jpg?resize=1050%2C600&ssl=1 3x, https:\/\/i0.wp.com\/trasatlantica.org\/wp-content\/uploads\/2024\/09\/barbwire.jpg?resize=1400%2C800&ssl=1 4x"},"classes":[]},{"id":442,"url":"https:\/\/trasatlantica.org\/?page_id=442","url_meta":{"origin":4919,"position":4},"title":"Pablo G. Lleonart","author":"diceyk","date":"August 25, 2024","format":false,"excerpt":"Praxis\u00a0 Un poema antes de ser poema\u00a0 debe matricular en la universidad de Alabama\u00a0 -una ma\u00f1ana del 12 de junio de 1963 - el mismo d\u00eda en que matricul\u00f3\u00a0 Vivian Malone Jones\u00a0 Un poema antes de ser poema\u00a0 debe resistir los insultos del gobernador de turno\u00a0 igual que lo hizo\u2026","rel":"","context":"Similar post","block_context":{"text":"Similar post","link":""},"img":{"alt_text":"","src":"https:\/\/i0.wp.com\/trasatlantica.org\/wp-content\/uploads\/2024\/09\/destroyed-house.png?resize=350%2C200&ssl=1","width":350,"height":200,"srcset":"https:\/\/i0.wp.com\/trasatlantica.org\/wp-content\/uploads\/2024\/09\/destroyed-house.png?resize=350%2C200&ssl=1 1x, https:\/\/i0.wp.com\/trasatlantica.org\/wp-content\/uploads\/2024\/09\/destroyed-house.png?resize=525%2C300&ssl=1 1.5x, https:\/\/i0.wp.com\/trasatlantica.org\/wp-content\/uploads\/2024\/09\/destroyed-house.png?resize=700%2C400&ssl=1 2x"},"classes":[]},{"id":2993,"url":"https:\/\/trasatlantica.org\/?page_id=2993","url_meta":{"origin":4919,"position":5},"title":"Events","author":"Soviet Cuba: Identities in Transition","date":"December 5, 2024","format":false,"excerpt":"This Saturday, December 14, 2024, a las 3.30 pm. Don't miss it. Email us trasatlantica@trasatlantica.org for details about the location. Si andas por Miami, y te interesan la poes\u00eda, la m\u00fasica, y la buena comida, en cualquier orden, no te pierdas esta cita en La Tasca G.","rel":"","context":"Similar post","block_context":{"text":"Similar post","link":""},"img":{"alt_text":"","src":"https:\/\/i0.wp.com\/trasatlantica.org\/wp-content\/uploads\/2024\/12\/WhatsApp-Image-2024-12-12-at-07.22.48.jpeg?resize=350%2C200&ssl=1","width":350,"height":200,"srcset":"https:\/\/i0.wp.com\/trasatlantica.org\/wp-content\/uploads\/2024\/12\/WhatsApp-Image-2024-12-12-at-07.22.48.jpeg?resize=350%2C200&ssl=1 1x, https:\/\/i0.wp.com\/trasatlantica.org\/wp-content\/uploads\/2024\/12\/WhatsApp-Image-2024-12-12-at-07.22.48.jpeg?resize=525%2C300&ssl=1 1.5x, https:\/\/i0.wp.com\/trasatlantica.org\/wp-content\/uploads\/2024\/12\/WhatsApp-Image-2024-12-12-at-07.22.48.jpeg?resize=700%2C400&ssl=1 2x, https:\/\/i0.wp.com\/trasatlantica.org\/wp-content\/uploads\/2024\/12\/WhatsApp-Image-2024-12-12-at-07.22.48.jpeg?resize=1050%2C600&ssl=1 3x, https:\/\/i0.wp.com\/trasatlantica.org\/wp-content\/uploads\/2024\/12\/WhatsApp-Image-2024-12-12-at-07.22.48.jpeg?resize=1400%2C800&ssl=1 4x"},"classes":[]}],"_links":{"self":[{"href":"https:\/\/trasatlantica.org\/index.php?rest_route=\/wp\/v2\/pages\/4919","targetHints":{"allow":["GET"]}}],"collection":[{"href":"https:\/\/trasatlantica.org\/index.php?rest_route=\/wp\/v2\/pages"}],"about":[{"href":"https:\/\/trasatlantica.org\/index.php?rest_route=\/wp\/v2\/types\/page"}],"author":[{"embeddable":true,"href":"https:\/\/trasatlantica.org\/index.php?rest_route=\/wp\/v2\/users\/33188029"}],"replies":[{"embeddable":true,"href":"https:\/\/trasatlantica.org\/index.php?rest_route=%2Fwp%2Fv2%2Fcomments&post=4919"}],"version-history":[{"count":37,"href":"https:\/\/trasatlantica.org\/index.php?rest_route=\/wp\/v2\/pages\/4919\/revisions"}],"predecessor-version":[{"id":5157,"href":"https:\/\/trasatlantica.org\/index.php?rest_route=\/wp\/v2\/pages\/4919\/revisions\/5157"}],"wp:attachment":[{"href":"https:\/\/trasatlantica.org\/index.php?rest_route=%2Fwp%2Fv2%2Fmedia&parent=4919"}],"curies":[{"name":"wp","href":"https:\/\/api.w.org\/{rel}","templated":true}]}}